{"id":1564,"date":"2024-08-27T14:41:19","date_gmt":"2024-08-27T14:41:19","guid":{"rendered":"https:\/\/apecatolica.pt\/congresso2024a\/?page_id=1564"},"modified":"2024-10-07T12:43:04","modified_gmt":"2024-10-07T11:43:04","slug":"oradores","status":"publish","type":"page","link":"https:\/\/apecatolica.pt\/congresso2024app\/oradores\/","title":{"rendered":"Oradores"},"content":{"rendered":"\t\t<div data-elementor-type=\"wp-page\" data-elementor-id=\"1564\" class=\"elementor elementor-1564\" data-elementor-post-type=\"page\">\n\t\t\t\t<div class=\"elementor-element elementor-element-ebd69fd e-flex e-con-boxed e-con e-parent\" data-id=\"ebd69fd\" data-element_type=\"container\">\n\t\t\t\t\t<div class=\"e-con-inner\">\n\t\t\t\t<div class=\"elementor-element elementor-element-899b70d elementor-widget elementor-widget-spacer\" data-id=\"899b70d\" data-element_type=\"widget\" data-widget_type=\"spacer.default\">\n\t\t\t\t<div class=\"elementor-widget-container\">\n\t\t\t\t\t\t\t<div class=\"elementor-spacer\">\n\t\t\t<div class=\"elementor-spacer-inner\"><\/div>\n\t\t<\/div>\n\t\t\t\t\t\t<\/div>\n\t\t\t\t<\/div>\n\t\t\t\t\t<\/div>\n\t\t\t\t<\/div>\n\t\t<div class=\"elementor-element elementor-element-b36e350 e-flex e-con-boxed e-con e-parent\" data-id=\"b36e350\" data-element_type=\"container\">\n\t\t\t\t\t<div class=\"e-con-inner\">\n\t\t\t\t<div class=\"elementor-element elementor-element-3fa90b7 elementor-widget elementor-widget-heading\" data-id=\"3fa90b7\" data-element_type=\"widget\" data-widget_type=\"heading.default\">\n\t\t\t\t<div class=\"elementor-widget-container\">\n\t\t\t\t\t<h2 class=\"elementor-heading-title elementor-size-default\">ORADORES<\/h2>\t\t\t\t<\/div>\n\t\t\t\t<\/div>\n\t\t\t\t\t<\/div>\n\t\t\t\t<\/div>\n\t\t<div class=\"elementor-element elementor-element-b79ce09 e-flex e-con-boxed e-con e-parent\" data-id=\"b79ce09\" data-element_type=\"container\">\n\t\t\t\t\t<div class=\"e-con-inner\">\n\t\t\t\t<div class=\"elementor-element elementor-element-d87431b anwp-grid_card_bg_effect-darken_only anwp-pg-widget-header-style--b anwp-pg-post-teaser__post-icon--size-16 elementor-widget elementor-widget-anwp-pg-simple-grid\" data-id=\"d87431b\" data-element_type=\"widget\" data-widget_type=\"anwp-pg-simple-grid.default\">\n\t\t\t\t<div class=\"elementor-widget-container\">\n\t\t\t\t\t<div class=\"anwp-pg-wrap\">\n\n\t\n\t<div class=\"d-flex anwp-row flex-wrap anwp-pg-simple-grid anwp-pg-posts-wrapper anwp-pg-simple-grid__gutter-thick \">\n\t\t<div class=\"anwp-pg-post-teaser anwp-pg-post-teaser--layout-a anwp-col-lg-4 anwp-col-sm-6 anwp-col-12\">\n\t<div class=\"anwp-pg-post-teaser__thumbnail position-relative\">\n\n\t\t\n\t\t\t\t\t<img loading=\"lazy\" class=\"anwp-pg-post-teaser__thumbnail-img d-block anwp-pg-height-250 anwp-object-cover m-0 w-100\"\n\t\t\t\talt=\"Alfredo Teixeira\"\n\t\t\t\tsrc=\"https:\/\/apecatolica.pt\/congresso2024app\/wp-content\/uploads\/2024\/08\/alfredo_teixeira.jpg\" \/>\n\t\t\n\t\t<div class=\"anwp-pg-post-teaser__muted_bg\"><\/div>\n\t\t<div class=\"anwp-pg-post-teaser__thumbnail-bg anwp-position-cover\"><\/div>\n\n\t\t<div class=\"anwp-pg-post-teaser__content d-flex flex-column anwp-position-cover\">\n\t\t\t<div class=\"anwp-pg-post-teaser__top-meta d-flex mb-2\">\n\t\t\t\t\t\t\t<\/div>\n\n\t\t\t\n\t\t\t<div class=\"anwp-pg-post-teaser__title anwp-font-heading mt-auto mb-1\">\n\t\t\t\tAlfredo Teixeira\t\t\t<\/div>\n\n\t\t\t\t\t\t\t<div class=\"mb-2\"><\/div>\n\t\t\t\t\t<\/div>\n\n\t\t<a class=\"anwp-position-cover anwp-link-without-effects\" href=\"https:\/\/apecatolica.pt\/congresso2024app\/alfredo-teixeira\/\" aria-hidden=\"true\" ><\/a>\n\t<\/div>\n<\/div>\n<div class=\"anwp-pg-post-teaser anwp-pg-post-teaser--layout-a anwp-col-lg-4 anwp-col-sm-6 anwp-col-12\">\n\t<div class=\"anwp-pg-post-teaser__thumbnail position-relative\">\n\n\t\t\n\t\t\t\t\t<img loading=\"lazy\" class=\"anwp-pg-post-teaser__thumbnail-img d-block anwp-pg-height-250 anwp-object-cover m-0 w-100\"\n\t\t\t\talt=\"Andreia Fernandes\"\n\t\t\t\tsrc=\"https:\/\/apecatolica.pt\/congresso2024app\/wp-content\/uploads\/2024\/10\/andreia-fernandes11.jpg\" \/>\n\t\t\n\t\t<div class=\"anwp-pg-post-teaser__muted_bg\"><\/div>\n\t\t<div class=\"anwp-pg-post-teaser__thumbnail-bg anwp-position-cover\"><\/div>\n\n\t\t<div class=\"anwp-pg-post-teaser__content d-flex flex-column anwp-position-cover\">\n\t\t\t<div class=\"anwp-pg-post-teaser__top-meta d-flex mb-2\">\n\t\t\t\t\t\t\t<\/div>\n\n\t\t\t\n\t\t\t<div class=\"anwp-pg-post-teaser__title anwp-font-heading mt-auto mb-1\">\n\t\t\t\tAndreia Fernandes\t\t\t<\/div>\n\n\t\t\t\t\t\t\t<div class=\"mb-2\"><\/div>\n\t\t\t\t\t<\/div>\n\n\t\t<a class=\"anwp-position-cover anwp-link-without-effects\" href=\"https:\/\/apecatolica.pt\/congresso2024app\/andreia-fernandes\/\" aria-hidden=\"true\" ><\/a>\n\t<\/div>\n<\/div>\n<div class=\"anwp-pg-post-teaser anwp-pg-post-teaser--layout-a anwp-col-lg-4 anwp-col-sm-6 anwp-col-12\">\n\t<div class=\"anwp-pg-post-teaser__thumbnail position-relative\">\n\n\t\t\n\t\t\t\t\t<img loading=\"lazy\" class=\"anwp-pg-post-teaser__thumbnail-img d-block anwp-pg-height-250 anwp-object-cover m-0 w-100\"\n\t\t\t\talt=\"Ant\u00f3nio Jos\u00e9 Franco\"\n\t\t\t\tsrc=\"https:\/\/apecatolica.pt\/congresso2024app\/wp-content\/uploads\/2024\/10\/antonio-franco1-1013x1024.jpg\" \/>\n\t\t\n\t\t<div class=\"anwp-pg-post-teaser__muted_bg\"><\/div>\n\t\t<div class=\"anwp-pg-post-teaser__thumbnail-bg anwp-position-cover\"><\/div>\n\n\t\t<div class=\"anwp-pg-post-teaser__content d-flex flex-column anwp-position-cover\">\n\t\t\t<div class=\"anwp-pg-post-teaser__top-meta d-flex mb-2\">\n\t\t\t\t\t\t\t<\/div>\n\n\t\t\t\n\t\t\t<div class=\"anwp-pg-post-teaser__title anwp-font-heading mt-auto mb-1\">\n\t\t\t\tAnt\u00f3nio Jos\u00e9 Franco\t\t\t<\/div>\n\n\t\t\t\t\t\t\t<div class=\"mb-2\"><\/div>\n\t\t\t\t\t<\/div>\n\n\t\t<a class=\"anwp-position-cover anwp-link-without-effects\" href=\"https:\/\/apecatolica.pt\/congresso2024app\/antonio-jose-franco\/\" aria-hidden=\"true\" ><\/a>\n\t<\/div>\n<\/div>\n<div class=\"anwp-pg-post-teaser anwp-pg-post-teaser--layout-a anwp-col-lg-4 anwp-col-sm-6 anwp-col-12\">\n\t<div class=\"anwp-pg-post-teaser__thumbnail position-relative\">\n\n\t\t\n\t\t\t\t\t<img loading=\"lazy\" class=\"anwp-pg-post-teaser__thumbnail-img d-block anwp-pg-height-250 anwp-object-cover m-0 w-100\"\n\t\t\t\talt=\"Carlos Go\u00f1i e Pilar Guembe\"\n\t\t\t\tsrc=\"https:\/\/apecatolica.pt\/congresso2024app\/wp-content\/uploads\/2024\/08\/Carlos-Goni-e-Pilar-Guembe1.jpg\" \/>\n\t\t\n\t\t<div class=\"anwp-pg-post-teaser__muted_bg\"><\/div>\n\t\t<div class=\"anwp-pg-post-teaser__thumbnail-bg anwp-position-cover\"><\/div>\n\n\t\t<div class=\"anwp-pg-post-teaser__content d-flex flex-column anwp-position-cover\">\n\t\t\t<div class=\"anwp-pg-post-teaser__top-meta d-flex mb-2\">\n\t\t\t\t\t\t\t<\/div>\n\n\t\t\t\n\t\t\t<div class=\"anwp-pg-post-teaser__title anwp-font-heading mt-auto mb-1\">\n\t\t\t\tCarlos Go\u00f1i e Pilar Guembe\t\t\t<\/div>\n\n\t\t\t\t\t\t\t<div class=\"mb-2\"><\/div>\n\t\t\t\t\t<\/div>\n\n\t\t<a class=\"anwp-position-cover anwp-link-without-effects\" href=\"https:\/\/apecatolica.pt\/congresso2024app\/carlos-goni-e-pilar-guembe\/\" aria-hidden=\"true\" ><\/a>\n\t<\/div>\n<\/div>\n<div class=\"anwp-pg-post-teaser anwp-pg-post-teaser--layout-a anwp-col-lg-4 anwp-col-sm-6 anwp-col-12\">\n\t<div class=\"anwp-pg-post-teaser__thumbnail position-relative\">\n\n\t\t\n\t\t\t\t\t<img loading=\"lazy\" class=\"anwp-pg-post-teaser__thumbnail-img d-block anwp-pg-height-250 anwp-object-cover m-0 w-100\"\n\t\t\t\talt=\"Col\u00e9gio da Rainha Santa Isabel\"\n\t\t\t\tsrc=\"https:\/\/apecatolica.pt\/congresso2024app\/wp-content\/uploads\/2024\/10\/cRSisabel-coimbra1.jpg\" \/>\n\t\t\n\t\t<div class=\"anwp-pg-post-teaser__muted_bg\"><\/div>\n\t\t<div class=\"anwp-pg-post-teaser__thumbnail-bg anwp-position-cover\"><\/div>\n\n\t\t<div class=\"anwp-pg-post-teaser__content d-flex flex-column anwp-position-cover\">\n\t\t\t<div class=\"anwp-pg-post-teaser__top-meta d-flex mb-2\">\n\t\t\t\t\t\t\t<\/div>\n\n\t\t\t\n\t\t\t<div class=\"anwp-pg-post-teaser__title anwp-font-heading mt-auto mb-1\">\n\t\t\t\tCol\u00e9gio da Rainha Santa Isabel\t\t\t<\/div>\n\n\t\t\t\t\t\t\t<div class=\"mb-2\"><\/div>\n\t\t\t\t\t<\/div>\n\n\t\t<a class=\"anwp-position-cover anwp-link-without-effects\" href=\"https:\/\/apecatolica.pt\/congresso2024app\/colegio-da-rainha-santa-isabel\/\" aria-hidden=\"true\" ><\/a>\n\t<\/div>\n<\/div>\n<div class=\"anwp-pg-post-teaser anwp-pg-post-teaser--layout-a anwp-col-lg-4 anwp-col-sm-6 anwp-col-12\">\n\t<div class=\"anwp-pg-post-teaser__thumbnail position-relative\">\n\n\t\t\n\t\t\t\t\t<img loading=\"lazy\" class=\"anwp-pg-post-teaser__thumbnail-img d-block anwp-pg-height-250 anwp-object-cover m-0 w-100\"\n\t\t\t\talt=\"Externato da Luz\"\n\t\t\t\tsrc=\"https:\/\/apecatolica.pt\/congresso2024app\/wp-content\/uploads\/2024\/10\/externato-luz-1024x715.jpg\" \/>\n\t\t\n\t\t<div class=\"anwp-pg-post-teaser__muted_bg\"><\/div>\n\t\t<div class=\"anwp-pg-post-teaser__thumbnail-bg anwp-position-cover\"><\/div>\n\n\t\t<div class=\"anwp-pg-post-teaser__content d-flex flex-column anwp-position-cover\">\n\t\t\t<div class=\"anwp-pg-post-teaser__top-meta d-flex mb-2\">\n\t\t\t\t\t\t\t<\/div>\n\n\t\t\t\n\t\t\t<div class=\"anwp-pg-post-teaser__title anwp-font-heading mt-auto mb-1\">\n\t\t\t\tExternato da Luz\t\t\t<\/div>\n\n\t\t\t\t\t\t\t<div class=\"mb-2\"><\/div>\n\t\t\t\t\t<\/div>\n\n\t\t<a class=\"anwp-position-cover anwp-link-without-effects\" href=\"https:\/\/apecatolica.pt\/congresso2024app\/externato-da-luz\/\" aria-hidden=\"true\" ><\/a>\n\t<\/div>\n<\/div>\n<div class=\"anwp-pg-post-teaser anwp-pg-post-teaser--layout-a anwp-col-lg-4 anwp-col-sm-6 anwp-col-12\">\n\t<div class=\"anwp-pg-post-teaser__thumbnail position-relative\">\n\n\t\t\n\t\t\t\t\t<img loading=\"lazy\" class=\"anwp-pg-post-teaser__thumbnail-img d-block anwp-pg-height-250 anwp-object-cover m-0 w-100\"\n\t\t\t\talt=\"Irm\u00e3 Mini Manjaly\"\n\t\t\t\tsrc=\"https:\/\/apecatolica.pt\/congresso2024app\/wp-content\/uploads\/2024\/10\/ir-muni-manjaly.jpg\" \/>\n\t\t\n\t\t<div class=\"anwp-pg-post-teaser__muted_bg\"><\/div>\n\t\t<div class=\"anwp-pg-post-teaser__thumbnail-bg anwp-position-cover\"><\/div>\n\n\t\t<div class=\"anwp-pg-post-teaser__content d-flex flex-column anwp-position-cover\">\n\t\t\t<div class=\"anwp-pg-post-teaser__top-meta d-flex mb-2\">\n\t\t\t\t\t\t\t<\/div>\n\n\t\t\t\n\t\t\t<div class=\"anwp-pg-post-teaser__title anwp-font-heading mt-auto mb-1\">\n\t\t\t\tIrm\u00e3 Mini Manjaly\t\t\t<\/div>\n\n\t\t\t\t\t\t\t<div class=\"mb-2\"><\/div>\n\t\t\t\t\t<\/div>\n\n\t\t<a class=\"anwp-position-cover anwp-link-without-effects\" href=\"https:\/\/apecatolica.pt\/congresso2024app\/irma-mini-manjaly\/\" aria-hidden=\"true\" ><\/a>\n\t<\/div>\n<\/div>\n<div class=\"anwp-pg-post-teaser anwp-pg-post-teaser--layout-a anwp-col-lg-4 anwp-col-sm-6 anwp-col-12\">\n\t<div class=\"anwp-pg-post-teaser__thumbnail position-relative\">\n\n\t\t\n\t\t\t\t\t<img loading=\"lazy\" class=\"anwp-pg-post-teaser__thumbnail-img d-block anwp-pg-height-250 anwp-object-cover m-0 w-100\"\n\t\t\t\talt=\"Irm\u00e3 Teresa Ramos\"\n\t\t\t\tsrc=\"https:\/\/apecatolica.pt\/congresso2024app\/wp-content\/uploads\/2024\/10\/teresa-ramos-1024x935.jpg\" \/>\n\t\t\n\t\t<div class=\"anwp-pg-post-teaser__muted_bg\"><\/div>\n\t\t<div class=\"anwp-pg-post-teaser__thumbnail-bg anwp-position-cover\"><\/div>\n\n\t\t<div class=\"anwp-pg-post-teaser__content d-flex flex-column anwp-position-cover\">\n\t\t\t<div class=\"anwp-pg-post-teaser__top-meta d-flex mb-2\">\n\t\t\t\t\t\t\t<\/div>\n\n\t\t\t\n\t\t\t<div class=\"anwp-pg-post-teaser__title anwp-font-heading mt-auto mb-1\">\n\t\t\t\tIrm\u00e3 Teresa Ramos\t\t\t<\/div>\n\n\t\t\t\t\t\t\t<div class=\"mb-2\"><\/div>\n\t\t\t\t\t<\/div>\n\n\t\t<a class=\"anwp-position-cover anwp-link-without-effects\" href=\"https:\/\/apecatolica.pt\/congresso2024app\/irma-teresa-ramos\/\" aria-hidden=\"true\" ><\/a>\n\t<\/div>\n<\/div>\n<div class=\"anwp-pg-post-teaser anwp-pg-post-teaser--layout-a anwp-col-lg-4 anwp-col-sm-6 anwp-col-12\">\n\t<div class=\"anwp-pg-post-teaser__thumbnail position-relative\">\n\n\t\t\n\t\t\t\t\t<img loading=\"lazy\" class=\"anwp-pg-post-teaser__thumbnail-img d-block anwp-pg-height-250 anwp-object-cover m-0 w-100\"\n\t\t\t\talt=\"Irm\u00e3 Teuta\"\n\t\t\t\tsrc=\"https:\/\/apecatolica.pt\/congresso2024app\/wp-content\/uploads\/2024\/10\/ir-Teuta.jpg\" \/>\n\t\t\n\t\t<div class=\"anwp-pg-post-teaser__muted_bg\"><\/div>\n\t\t<div class=\"anwp-pg-post-teaser__thumbnail-bg anwp-position-cover\"><\/div>\n\n\t\t<div class=\"anwp-pg-post-teaser__content d-flex flex-column anwp-position-cover\">\n\t\t\t<div class=\"anwp-pg-post-teaser__top-meta d-flex mb-2\">\n\t\t\t\t\t\t\t<\/div>\n\n\t\t\t\n\t\t\t<div class=\"anwp-pg-post-teaser__title anwp-font-heading mt-auto mb-1\">\n\t\t\t\tIrm\u00e3 Teuta\t\t\t<\/div>\n\n\t\t\t\t\t\t\t<div class=\"mb-2\"><\/div>\n\t\t\t\t\t<\/div>\n\n\t\t<a class=\"anwp-position-cover anwp-link-without-effects\" href=\"https:\/\/apecatolica.pt\/congresso2024app\/irma-teuta\/\" aria-hidden=\"true\" ><\/a>\n\t<\/div>\n<\/div>\n<div class=\"anwp-pg-post-teaser anwp-pg-post-teaser--layout-a anwp-col-lg-4 anwp-col-sm-6 anwp-col-12\">\n\t<div class=\"anwp-pg-post-teaser__thumbnail position-relative\">\n\n\t\t\n\t\t\t\t\t<img loading=\"lazy\" class=\"anwp-pg-post-teaser__thumbnail-img d-block anwp-pg-height-250 anwp-object-cover m-0 w-100\"\n\t\t\t\talt=\"Isabel Capeloa Gil\"\n\t\t\t\tsrc=\"https:\/\/apecatolica.pt\/congresso2024app\/wp-content\/uploads\/2024\/08\/isabel-capeloa-gil-reitoraucp-2-1-0-1024x576.jpg\" \/>\n\t\t\n\t\t<div class=\"anwp-pg-post-teaser__muted_bg\"><\/div>\n\t\t<div class=\"anwp-pg-post-teaser__thumbnail-bg anwp-position-cover\"><\/div>\n\n\t\t<div class=\"anwp-pg-post-teaser__content d-flex flex-column anwp-position-cover\">\n\t\t\t<div class=\"anwp-pg-post-teaser__top-meta d-flex mb-2\">\n\t\t\t\t\t\t\t<\/div>\n\n\t\t\t\n\t\t\t<div class=\"anwp-pg-post-teaser__title anwp-font-heading mt-auto mb-1\">\n\t\t\t\tIsabel Capeloa Gil\t\t\t<\/div>\n\n\t\t\t\t\t\t\t<div class=\"mb-2\"><\/div>\n\t\t\t\t\t<\/div>\n\n\t\t<a class=\"anwp-position-cover anwp-link-without-effects\" href=\"https:\/\/apecatolica.pt\/congresso2024app\/isabel-capeloa-gil\/\" aria-hidden=\"true\" ><\/a>\n\t<\/div>\n<\/div>\n<div class=\"anwp-pg-post-teaser anwp-pg-post-teaser--layout-a anwp-col-lg-4 anwp-col-sm-6 anwp-col-12\">\n\t<div class=\"anwp-pg-post-teaser__thumbnail position-relative\">\n\n\t\t\n\t\t\t\t\t<img loading=\"lazy\" class=\"anwp-pg-post-teaser__thumbnail-img d-block anwp-pg-height-250 anwp-object-cover m-0 w-100\"\n\t\t\t\talt=\"Jo\u00e3o Duque\"\n\t\t\t\tsrc=\"https:\/\/apecatolica.pt\/congresso2024app\/wp-content\/uploads\/2024\/08\/integrado-joao-duque.jpg\" \/>\n\t\t\n\t\t<div class=\"anwp-pg-post-teaser__muted_bg\"><\/div>\n\t\t<div class=\"anwp-pg-post-teaser__thumbnail-bg anwp-position-cover\"><\/div>\n\n\t\t<div class=\"anwp-pg-post-teaser__content d-flex flex-column anwp-position-cover\">\n\t\t\t<div class=\"anwp-pg-post-teaser__top-meta d-flex mb-2\">\n\t\t\t\t\t\t\t<\/div>\n\n\t\t\t\n\t\t\t<div class=\"anwp-pg-post-teaser__title anwp-font-heading mt-auto mb-1\">\n\t\t\t\tJo\u00e3o Duque\t\t\t<\/div>\n\n\t\t\t\t\t\t\t<div class=\"mb-2\"><\/div>\n\t\t\t\t\t<\/div>\n\n\t\t<a class=\"anwp-position-cover anwp-link-without-effects\" href=\"https:\/\/apecatolica.pt\/congresso2024app\/joao-duque\/\" aria-hidden=\"true\" ><\/a>\n\t<\/div>\n<\/div>\n<div class=\"anwp-pg-post-teaser anwp-pg-post-teaser--layout-a anwp-col-lg-4 anwp-col-sm-6 anwp-col-12\">\n\t<div class=\"anwp-pg-post-teaser__thumbnail position-relative\">\n\n\t\t\n\t\t\t\t\t<img loading=\"lazy\" class=\"anwp-pg-post-teaser__thumbnail-img d-block anwp-pg-height-250 anwp-object-cover m-0 w-100\"\n\t\t\t\talt=\"Jo\u00e3o Paiva\"\n\t\t\t\tsrc=\"https:\/\/apecatolica.pt\/congresso2024app\/wp-content\/uploads\/2024\/10\/joao-paiva1-1024x871.jpg\" \/>\n\t\t\n\t\t<div class=\"anwp-pg-post-teaser__muted_bg\"><\/div>\n\t\t<div class=\"anwp-pg-post-teaser__thumbnail-bg anwp-position-cover\"><\/div>\n\n\t\t<div class=\"anwp-pg-post-teaser__content d-flex flex-column anwp-position-cover\">\n\t\t\t<div class=\"anwp-pg-post-teaser__top-meta d-flex mb-2\">\n\t\t\t\t\t\t\t<\/div>\n\n\t\t\t\n\t\t\t<div class=\"anwp-pg-post-teaser__title anwp-font-heading mt-auto mb-1\">\n\t\t\t\tJo\u00e3o Paiva\t\t\t<\/div>\n\n\t\t\t\t\t\t\t<div class=\"mb-2\"><\/div>\n\t\t\t\t\t<\/div>\n\n\t\t<a class=\"anwp-position-cover anwp-link-without-effects\" href=\"https:\/\/apecatolica.pt\/congresso2024app\/joao-paiva\/\" aria-hidden=\"true\" ><\/a>\n\t<\/div>\n<\/div>\n<div class=\"anwp-pg-post-teaser anwp-pg-post-teaser--layout-a anwp-col-lg-4 anwp-col-sm-6 anwp-col-12\">\n\t<div class=\"anwp-pg-post-teaser__thumbnail position-relative\">\n\n\t\t\n\t\t\t\t\t<img loading=\"lazy\" class=\"anwp-pg-post-teaser__thumbnail-img d-block anwp-pg-height-250 anwp-object-cover m-0 w-100\"\n\t\t\t\talt=\"Jo\u00e3o Pedro Tavares\"\n\t\t\t\tsrc=\"https:\/\/apecatolica.pt\/congresso2024app\/wp-content\/uploads\/2024\/09\/Joao-Pedro-Tavares4-1024x986.jpg\" \/>\n\t\t\n\t\t<div class=\"anwp-pg-post-teaser__muted_bg\"><\/div>\n\t\t<div class=\"anwp-pg-post-teaser__thumbnail-bg anwp-position-cover\"><\/div>\n\n\t\t<div class=\"anwp-pg-post-teaser__content d-flex flex-column anwp-position-cover\">\n\t\t\t<div class=\"anwp-pg-post-teaser__top-meta d-flex mb-2\">\n\t\t\t\t\t\t\t<\/div>\n\n\t\t\t\n\t\t\t<div class=\"anwp-pg-post-teaser__title anwp-font-heading mt-auto mb-1\">\n\t\t\t\tJo\u00e3o Pedro Tavares\t\t\t<\/div>\n\n\t\t\t\t\t\t\t<div class=\"mb-2\"><\/div>\n\t\t\t\t\t<\/div>\n\n\t\t<a class=\"anwp-position-cover anwp-link-without-effects\" href=\"https:\/\/apecatolica.pt\/congresso2024app\/joao-pedro-tavares\/\" aria-hidden=\"true\" ><\/a>\n\t<\/div>\n<\/div>\n<div class=\"anwp-pg-post-teaser anwp-pg-post-teaser--layout-a anwp-col-lg-4 anwp-col-sm-6 anwp-col-12\">\n\t<div class=\"anwp-pg-post-teaser__thumbnail position-relative\">\n\n\t\t\n\t\t\t\t\t<img loading=\"lazy\" class=\"anwp-pg-post-teaser__thumbnail-img d-block anwp-pg-height-250 anwp-object-cover m-0 w-100\"\n\t\t\t\talt=\"Jo\u00e3o Pereira\"\n\t\t\t\tsrc=\"https:\/\/apecatolica.pt\/congresso2024app\/wp-content\/uploads\/2024\/10\/joao-pereira1.jpg\" \/>\n\t\t\n\t\t<div class=\"anwp-pg-post-teaser__muted_bg\"><\/div>\n\t\t<div class=\"anwp-pg-post-teaser__thumbnail-bg anwp-position-cover\"><\/div>\n\n\t\t<div class=\"anwp-pg-post-teaser__content d-flex flex-column anwp-position-cover\">\n\t\t\t<div class=\"anwp-pg-post-teaser__top-meta d-flex mb-2\">\n\t\t\t\t\t\t\t<\/div>\n\n\t\t\t\n\t\t\t<div class=\"anwp-pg-post-teaser__title anwp-font-heading mt-auto mb-1\">\n\t\t\t\tJo\u00e3o Pereira\t\t\t<\/div>\n\n\t\t\t\t\t\t\t<div class=\"mb-2\"><\/div>\n\t\t\t\t\t<\/div>\n\n\t\t<a class=\"anwp-position-cover anwp-link-without-effects\" href=\"https:\/\/apecatolica.pt\/congresso2024app\/joao-pereira\/\" aria-hidden=\"true\" ><\/a>\n\t<\/div>\n<\/div>\n<div class=\"anwp-pg-post-teaser anwp-pg-post-teaser--layout-a anwp-col-lg-4 anwp-col-sm-6 anwp-col-12\">\n\t<div class=\"anwp-pg-post-teaser__thumbnail position-relative\">\n\n\t\t\n\t\t\t\t\t<img loading=\"lazy\" class=\"anwp-pg-post-teaser__thumbnail-img d-block anwp-pg-height-250 anwp-object-cover m-0 w-100\"\n\t\t\t\talt=\"Jorge Cotovio\"\n\t\t\t\tsrc=\"https:\/\/apecatolica.pt\/congresso2024app\/wp-content\/uploads\/2024\/05\/jorge-cotovio-4.jpg\" \/>\n\t\t\n\t\t<div class=\"anwp-pg-post-teaser__muted_bg\"><\/div>\n\t\t<div class=\"anwp-pg-post-teaser__thumbnail-bg anwp-position-cover\"><\/div>\n\n\t\t<div class=\"anwp-pg-post-teaser__content d-flex flex-column anwp-position-cover\">\n\t\t\t<div class=\"anwp-pg-post-teaser__top-meta d-flex mb-2\">\n\t\t\t\t\t\t\t<\/div>\n\n\t\t\t\n\t\t\t<div class=\"anwp-pg-post-teaser__title anwp-font-heading mt-auto mb-1\">\n\t\t\t\tJorge Cotovio\t\t\t<\/div>\n\n\t\t\t\t\t\t\t<div class=\"mb-2\"><\/div>\n\t\t\t\t\t<\/div>\n\n\t\t<a class=\"anwp-position-cover anwp-link-without-effects\" href=\"https:\/\/apecatolica.pt\/congresso2024app\/jorge-cotovio\/\" aria-hidden=\"true\" ><\/a>\n\t<\/div>\n<\/div>\n<div class=\"anwp-pg-post-teaser anwp-pg-post-teaser--layout-a anwp-col-lg-4 anwp-col-sm-6 anwp-col-12\">\n\t<div class=\"anwp-pg-post-teaser__thumbnail position-relative\">\n\n\t\t\n\t\t\t\t\t<img loading=\"lazy\" class=\"anwp-pg-post-teaser__thumbnail-img d-block anwp-pg-height-250 anwp-object-cover m-0 w-100\"\n\t\t\t\talt=\"Jos\u00e9 Duarte\"\n\t\t\t\tsrc=\"https:\/\/apecatolica.pt\/congresso2024app\/wp-content\/uploads\/2024\/09\/aluno-Jose-Duarte-1024x672.jpg\" \/>\n\t\t\n\t\t<div class=\"anwp-pg-post-teaser__muted_bg\"><\/div>\n\t\t<div class=\"anwp-pg-post-teaser__thumbnail-bg anwp-position-cover\"><\/div>\n\n\t\t<div class=\"anwp-pg-post-teaser__content d-flex flex-column anwp-position-cover\">\n\t\t\t<div class=\"anwp-pg-post-teaser__top-meta d-flex mb-2\">\n\t\t\t\t\t\t\t<\/div>\n\n\t\t\t\n\t\t\t<div class=\"anwp-pg-post-teaser__title anwp-font-heading mt-auto mb-1\">\n\t\t\t\tJos\u00e9 Duarte\t\t\t<\/div>\n\n\t\t\t\t\t\t\t<div class=\"mb-2\"><\/div>\n\t\t\t\t\t<\/div>\n\n\t\t<a class=\"anwp-position-cover anwp-link-without-effects\" href=\"https:\/\/apecatolica.pt\/congresso2024app\/jose-duarte\/\" aria-hidden=\"true\" ><\/a>\n\t<\/div>\n<\/div>\n<div class=\"anwp-pg-post-teaser anwp-pg-post-teaser--layout-a anwp-col-lg-4 anwp-col-sm-6 anwp-col-12\">\n\t<div class=\"anwp-pg-post-teaser__thumbnail position-relative\">\n\n\t\t\n\t\t\t\t\t<img loading=\"lazy\" class=\"anwp-pg-post-teaser__thumbnail-img d-block anwp-pg-height-250 anwp-object-cover m-0 w-100\"\n\t\t\t\talt=\"Khalid Jamal\"\n\t\t\t\tsrc=\"https:\/\/apecatolica.pt\/congresso2024app\/wp-content\/uploads\/2024\/10\/khalid-jamal.jpg\" \/>\n\t\t\n\t\t<div class=\"anwp-pg-post-teaser__muted_bg\"><\/div>\n\t\t<div class=\"anwp-pg-post-teaser__thumbnail-bg anwp-position-cover\"><\/div>\n\n\t\t<div class=\"anwp-pg-post-teaser__content d-flex flex-column anwp-position-cover\">\n\t\t\t<div class=\"anwp-pg-post-teaser__top-meta d-flex mb-2\">\n\t\t\t\t\t\t\t<\/div>\n\n\t\t\t\n\t\t\t<div class=\"anwp-pg-post-teaser__title anwp-font-heading mt-auto mb-1\">\n\t\t\t\tKhalid Jamal\t\t\t<\/div>\n\n\t\t\t\t\t\t\t<div class=\"mb-2\"><\/div>\n\t\t\t\t\t<\/div>\n\n\t\t<a class=\"anwp-position-cover anwp-link-without-effects\" href=\"https:\/\/apecatolica.pt\/congresso2024app\/khalid-jamal\/\" aria-hidden=\"true\" ><\/a>\n\t<\/div>\n<\/div>\n<div class=\"anwp-pg-post-teaser anwp-pg-post-teaser--layout-a anwp-col-lg-4 anwp-col-sm-6 anwp-col-12\">\n\t<div class=\"anwp-pg-post-teaser__thumbnail position-relative\">\n\n\t\t\n\t\t\t\t\t<img loading=\"lazy\" class=\"anwp-pg-post-teaser__thumbnail-img d-block anwp-pg-height-250 anwp-object-cover m-0 w-100\"\n\t\t\t\talt=\"Maria Alexandra Batista\"\n\t\t\t\tsrc=\"https:\/\/apecatolica.pt\/congresso2024app\/wp-content\/uploads\/2024\/10\/maria-alexandra-batista.jpg\" \/>\n\t\t\n\t\t<div class=\"anwp-pg-post-teaser__muted_bg\"><\/div>\n\t\t<div class=\"anwp-pg-post-teaser__thumbnail-bg anwp-position-cover\"><\/div>\n\n\t\t<div class=\"anwp-pg-post-teaser__content d-flex flex-column anwp-position-cover\">\n\t\t\t<div class=\"anwp-pg-post-teaser__top-meta d-flex mb-2\">\n\t\t\t\t\t\t\t<\/div>\n\n\t\t\t\n\t\t\t<div class=\"anwp-pg-post-teaser__title anwp-font-heading mt-auto mb-1\">\n\t\t\t\tMaria Alexandra Batista\t\t\t<\/div>\n\n\t\t\t\t\t\t\t<div class=\"mb-2\"><\/div>\n\t\t\t\t\t<\/div>\n\n\t\t<a class=\"anwp-position-cover anwp-link-without-effects\" href=\"https:\/\/apecatolica.pt\/congresso2024app\/maria-alexandra-batista\/\" aria-hidden=\"true\" ><\/a>\n\t<\/div>\n<\/div>\n<div class=\"anwp-pg-post-teaser anwp-pg-post-teaser--layout-a anwp-col-lg-4 anwp-col-sm-6 anwp-col-12\">\n\t<div class=\"anwp-pg-post-teaser__thumbnail position-relative\">\n\n\t\t\n\t\t\t\t\t<img loading=\"lazy\" class=\"anwp-pg-post-teaser__thumbnail-img d-block anwp-pg-height-250 anwp-object-cover m-0 w-100\"\n\t\t\t\talt=\"Maria do Ros\u00e1rio Farmhouse\"\n\t\t\t\tsrc=\"https:\/\/apecatolica.pt\/congresso2024app\/wp-content\/uploads\/2024\/09\/Rosario-Farmhouse1.jpg\" \/>\n\t\t\n\t\t<div class=\"anwp-pg-post-teaser__muted_bg\"><\/div>\n\t\t<div class=\"anwp-pg-post-teaser__thumbnail-bg anwp-position-cover\"><\/div>\n\n\t\t<div class=\"anwp-pg-post-teaser__content d-flex flex-column anwp-position-cover\">\n\t\t\t<div class=\"anwp-pg-post-teaser__top-meta d-flex mb-2\">\n\t\t\t\t\t\t\t<\/div>\n\n\t\t\t\n\t\t\t<div class=\"anwp-pg-post-teaser__title anwp-font-heading mt-auto mb-1\">\n\t\t\t\tMaria do Ros\u00e1rio Farmhouse\t\t\t<\/div>\n\n\t\t\t\t\t\t\t<div class=\"mb-2\"><\/div>\n\t\t\t\t\t<\/div>\n\n\t\t<a class=\"anwp-position-cover anwp-link-without-effects\" href=\"https:\/\/apecatolica.pt\/congresso2024app\/maria-do-rosario-farmhouse\/\" aria-hidden=\"true\" ><\/a>\n\t<\/div>\n<\/div>\n<div class=\"anwp-pg-post-teaser anwp-pg-post-teaser--layout-a anwp-col-lg-4 anwp-col-sm-6 anwp-col-12\">\n\t<div class=\"anwp-pg-post-teaser__thumbnail position-relative\">\n\n\t\t\n\t\t\t\t\t<img loading=\"lazy\" class=\"anwp-pg-post-teaser__thumbnail-img d-block anwp-pg-height-250 anwp-object-cover m-0 w-100\"\n\t\t\t\talt=\"Maria Teresa Ramos Ascens\u00e3o\"\n\t\t\t\tsrc=\"https:\/\/apecatolica.pt\/congresso2024app\/wp-content\/uploads\/2024\/09\/Maria-Teresa-de-Lucena-Ramos-Ascensao.jpg\" \/>\n\t\t\n\t\t<div class=\"anwp-pg-post-teaser__muted_bg\"><\/div>\n\t\t<div class=\"anwp-pg-post-teaser__thumbnail-bg anwp-position-cover\"><\/div>\n\n\t\t<div class=\"anwp-pg-post-teaser__content d-flex flex-column anwp-position-cover\">\n\t\t\t<div class=\"anwp-pg-post-teaser__top-meta d-flex mb-2\">\n\t\t\t\t\t\t\t<\/div>\n\n\t\t\t\n\t\t\t<div class=\"anwp-pg-post-teaser__title anwp-font-heading mt-auto mb-1\">\n\t\t\t\tMaria Teresa Ramos Ascens\u00e3o\t\t\t<\/div>\n\n\t\t\t\t\t\t\t<div class=\"mb-2\"><\/div>\n\t\t\t\t\t<\/div>\n\n\t\t<a class=\"anwp-position-cover anwp-link-without-effects\" href=\"https:\/\/apecatolica.pt\/congresso2024app\/maria-teresa-ramos-ascensao\/\" aria-hidden=\"true\" ><\/a>\n\t<\/div>\n<\/div>\n<div class=\"anwp-pg-post-teaser anwp-pg-post-teaser--layout-a anwp-col-lg-4 anwp-col-sm-6 anwp-col-12\">\n\t<div class=\"anwp-pg-post-teaser__thumbnail position-relative\">\n\n\t\t\n\t\t\t\t\t<img loading=\"lazy\" class=\"anwp-pg-post-teaser__thumbnail-img d-block anwp-pg-height-250 anwp-object-cover m-0 w-100\"\n\t\t\t\talt=\"M\u00e1rio Pinto\"\n\t\t\t\tsrc=\"https:\/\/apecatolica.pt\/congresso2024app\/wp-content\/uploads\/2024\/08\/mario-pinto1-1024x768.jpg\" \/>\n\t\t\n\t\t<div class=\"anwp-pg-post-teaser__muted_bg\"><\/div>\n\t\t<div class=\"anwp-pg-post-teaser__thumbnail-bg anwp-position-cover\"><\/div>\n\n\t\t<div class=\"anwp-pg-post-teaser__content d-flex flex-column anwp-position-cover\">\n\t\t\t<div class=\"anwp-pg-post-teaser__top-meta d-flex mb-2\">\n\t\t\t\t\t\t\t<\/div>\n\n\t\t\t\n\t\t\t<div class=\"anwp-pg-post-teaser__title anwp-font-heading mt-auto mb-1\">\n\t\t\t\tM\u00e1rio Pinto\t\t\t<\/div>\n\n\t\t\t\t\t\t\t<div class=\"mb-2\"><\/div>\n\t\t\t\t\t<\/div>\n\n\t\t<a class=\"anwp-position-cover anwp-link-without-effects\" href=\"https:\/\/apecatolica.pt\/congresso2024app\/mario-pinto\/\" aria-hidden=\"true\" ><\/a>\n\t<\/div>\n<\/div>\n<div class=\"anwp-pg-post-teaser anwp-pg-post-teaser--layout-a anwp-col-lg-4 anwp-col-sm-6 anwp-col-12\">\n\t<div class=\"anwp-pg-post-teaser__thumbnail position-relative\">\n\n\t\t\n\t\t\t\t\t<img loading=\"lazy\" class=\"anwp-pg-post-teaser__thumbnail-img d-block anwp-pg-height-250 anwp-object-cover m-0 w-100\"\n\t\t\t\talt=\"Marta Gon\u00e7alves\"\n\t\t\t\tsrc=\"https:\/\/apecatolica.pt\/congresso2024app\/wp-content\/uploads\/2024\/09\/aluna-Marta-Goncalves-1024x682.jpg\" \/>\n\t\t\n\t\t<div class=\"anwp-pg-post-teaser__muted_bg\"><\/div>\n\t\t<div class=\"anwp-pg-post-teaser__thumbnail-bg anwp-position-cover\"><\/div>\n\n\t\t<div class=\"anwp-pg-post-teaser__content d-flex flex-column anwp-position-cover\">\n\t\t\t<div class=\"anwp-pg-post-teaser__top-meta d-flex mb-2\">\n\t\t\t\t\t\t\t<\/div>\n\n\t\t\t\n\t\t\t<div class=\"anwp-pg-post-teaser__title anwp-font-heading mt-auto mb-1\">\n\t\t\t\tMarta Gon\u00e7alves\t\t\t<\/div>\n\n\t\t\t\t\t\t\t<div class=\"mb-2\"><\/div>\n\t\t\t\t\t<\/div>\n\n\t\t<a class=\"anwp-position-cover anwp-link-without-effects\" href=\"https:\/\/apecatolica.pt\/congresso2024app\/marta-goncalves\/\" aria-hidden=\"true\" ><\/a>\n\t<\/div>\n<\/div>\n<div class=\"anwp-pg-post-teaser anwp-pg-post-teaser--layout-a anwp-col-lg-4 anwp-col-sm-6 anwp-col-12\">\n\t<div class=\"anwp-pg-post-teaser__thumbnail position-relative\">\n\n\t\t\n\t\t\t\t\t<img loading=\"lazy\" class=\"anwp-pg-post-teaser__thumbnail-img d-block anwp-pg-height-250 anwp-object-cover m-0 w-100\"\n\t\t\t\talt=\"Paulo Borges\"\n\t\t\t\tsrc=\"https:\/\/apecatolica.pt\/congresso2024app\/wp-content\/uploads\/2024\/10\/Paulo-Borges1.jpg\" \/>\n\t\t\n\t\t<div class=\"anwp-pg-post-teaser__muted_bg\"><\/div>\n\t\t<div class=\"anwp-pg-post-teaser__thumbnail-bg anwp-position-cover\"><\/div>\n\n\t\t<div class=\"anwp-pg-post-teaser__content d-flex flex-column anwp-position-cover\">\n\t\t\t<div class=\"anwp-pg-post-teaser__top-meta d-flex mb-2\">\n\t\t\t\t\t\t\t<\/div>\n\n\t\t\t\n\t\t\t<div class=\"anwp-pg-post-teaser__title anwp-font-heading mt-auto mb-1\">\n\t\t\t\tPaulo Borges\t\t\t<\/div>\n\n\t\t\t\t\t\t\t<div class=\"mb-2\"><\/div>\n\t\t\t\t\t<\/div>\n\n\t\t<a class=\"anwp-position-cover anwp-link-without-effects\" href=\"https:\/\/apecatolica.pt\/congresso2024app\/paulo-borges\/\" aria-hidden=\"true\" ><\/a>\n\t<\/div>\n<\/div>\n<div class=\"anwp-pg-post-teaser anwp-pg-post-teaser--layout-a anwp-col-lg-4 anwp-col-sm-6 anwp-col-12\">\n\t<div class=\"anwp-pg-post-teaser__thumbnail position-relative\">\n\n\t\t\n\t\t\t\t\t<img loading=\"lazy\" class=\"anwp-pg-post-teaser__thumbnail-img d-block anwp-pg-height-250 anwp-object-cover m-0 w-100\"\n\t\t\t\talt=\"Pedro Huerta\"\n\t\t\t\tsrc=\"https:\/\/apecatolica.pt\/congresso2024app\/wp-content\/uploads\/2024\/09\/Pedro-Huerta-Escuelas-Catolicas-1-1024x683.jpg\" \/>\n\t\t\n\t\t<div class=\"anwp-pg-post-teaser__muted_bg\"><\/div>\n\t\t<div class=\"anwp-pg-post-teaser__thumbnail-bg anwp-position-cover\"><\/div>\n\n\t\t<div class=\"anwp-pg-post-teaser__content d-flex flex-column anwp-position-cover\">\n\t\t\t<div class=\"anwp-pg-post-teaser__top-meta d-flex mb-2\">\n\t\t\t\t\t\t\t<\/div>\n\n\t\t\t\n\t\t\t<div class=\"anwp-pg-post-teaser__title anwp-font-heading mt-auto mb-1\">\n\t\t\t\tPedro Huerta\t\t\t<\/div>\n\n\t\t\t\t\t\t\t<div class=\"mb-2\"><\/div>\n\t\t\t\t\t<\/div>\n\n\t\t<a class=\"anwp-position-cover anwp-link-without-effects\" href=\"https:\/\/apecatolica.pt\/congresso2024app\/pedro-huerta\/\" aria-hidden=\"true\" ><\/a>\n\t<\/div>\n<\/div>\n<div class=\"anwp-pg-post-teaser anwp-pg-post-teaser--layout-a anwp-col-lg-4 anwp-col-sm-6 anwp-col-12\">\n\t<div class=\"anwp-pg-post-teaser__thumbnail position-relative\">\n\n\t\t\n\t\t\t\t\t<img loading=\"lazy\" class=\"anwp-pg-post-teaser__thumbnail-img d-block anwp-pg-height-250 anwp-object-cover m-0 w-100\"\n\t\t\t\talt=\"Pedro Rodrigues\"\n\t\t\t\tsrc=\"https:\/\/apecatolica.pt\/congresso2024app\/wp-content\/uploads\/2024\/10\/pedro-rodrigues.jpg\" \/>\n\t\t\n\t\t<div class=\"anwp-pg-post-teaser__muted_bg\"><\/div>\n\t\t<div class=\"anwp-pg-post-teaser__thumbnail-bg anwp-position-cover\"><\/div>\n\n\t\t<div class=\"anwp-pg-post-teaser__content d-flex flex-column anwp-position-cover\">\n\t\t\t<div class=\"anwp-pg-post-teaser__top-meta d-flex mb-2\">\n\t\t\t\t\t\t\t<\/div>\n\n\t\t\t\n\t\t\t<div class=\"anwp-pg-post-teaser__title anwp-font-heading mt-auto mb-1\">\n\t\t\t\tPedro Rodrigues\t\t\t<\/div>\n\n\t\t\t\t\t\t\t<div class=\"mb-2\"><\/div>\n\t\t\t\t\t<\/div>\n\n\t\t<a class=\"anwp-position-cover anwp-link-without-effects\" href=\"https:\/\/apecatolica.pt\/congresso2024app\/pedro-rodrigues\/\" aria-hidden=\"true\" ><\/a>\n\t<\/div>\n<\/div>\n<div class=\"anwp-pg-post-teaser anwp-pg-post-teaser--layout-a anwp-col-lg-4 anwp-col-sm-6 anwp-col-12\">\n\t<div class=\"anwp-pg-post-teaser__thumbnail position-relative\">\n\n\t\t\n\t\t\t\t\t<img loading=\"lazy\" class=\"anwp-pg-post-teaser__thumbnail-img d-block anwp-pg-height-250 anwp-object-cover m-0 w-100\"\n\t\t\t\talt=\"Petro Mayba\"\n\t\t\t\tsrc=\"https:\/\/apecatolica.pt\/congresso2024app\/wp-content\/uploads\/2024\/10\/PETRO-MAYBA.jpg\" \/>\n\t\t\n\t\t<div class=\"anwp-pg-post-teaser__muted_bg\"><\/div>\n\t\t<div class=\"anwp-pg-post-teaser__thumbnail-bg anwp-position-cover\"><\/div>\n\n\t\t<div class=\"anwp-pg-post-teaser__content d-flex flex-column anwp-position-cover\">\n\t\t\t<div class=\"anwp-pg-post-teaser__top-meta d-flex mb-2\">\n\t\t\t\t\t\t\t<\/div>\n\n\t\t\t\n\t\t\t<div class=\"anwp-pg-post-teaser__title anwp-font-heading mt-auto mb-1\">\n\t\t\t\tPetro Mayba\t\t\t<\/div>\n\n\t\t\t\t\t\t\t<div class=\"mb-2\"><\/div>\n\t\t\t\t\t<\/div>\n\n\t\t<a class=\"anwp-position-cover anwp-link-without-effects\" href=\"https:\/\/apecatolica.pt\/congresso2024app\/petro-mayba\/\" aria-hidden=\"true\" ><\/a>\n\t<\/div>\n<\/div>\n<div class=\"anwp-pg-post-teaser anwp-pg-post-teaser--layout-a anwp-col-lg-4 anwp-col-sm-6 anwp-col-12\">\n\t<div class=\"anwp-pg-post-teaser__thumbnail position-relative\">\n\n\t\t\n\t\t\t\t\t<img loading=\"lazy\" class=\"anwp-pg-post-teaser__thumbnail-img d-block anwp-pg-height-250 anwp-object-cover m-0 w-100\"\n\t\t\t\talt=\"Shazia Hameed\"\n\t\t\t\tsrc=\"https:\/\/apecatolica.pt\/congresso2024app\/wp-content\/uploads\/2024\/09\/mae-Shazia1-1024x940.jpg\" \/>\n\t\t\n\t\t<div class=\"anwp-pg-post-teaser__muted_bg\"><\/div>\n\t\t<div class=\"anwp-pg-post-teaser__thumbnail-bg anwp-position-cover\"><\/div>\n\n\t\t<div class=\"anwp-pg-post-teaser__content d-flex flex-column anwp-position-cover\">\n\t\t\t<div class=\"anwp-pg-post-teaser__top-meta d-flex mb-2\">\n\t\t\t\t\t\t\t<\/div>\n\n\t\t\t\n\t\t\t<div class=\"anwp-pg-post-teaser__title anwp-font-heading mt-auto mb-1\">\n\t\t\t\tShazia Hameed\t\t\t<\/div>\n\n\t\t\t\t\t\t\t<div class=\"mb-2\"><\/div>\n\t\t\t\t\t<\/div>\n\n\t\t<a class=\"anwp-position-cover anwp-link-without-effects\" href=\"https:\/\/apecatolica.pt\/congresso2024app\/shazia-hameed\/\" aria-hidden=\"true\" ><\/a>\n\t<\/div>\n<\/div>\n<div class=\"anwp-pg-post-teaser anwp-pg-post-teaser--layout-a anwp-col-lg-4 anwp-col-sm-6 anwp-col-12\">\n\t<div class=\"anwp-pg-post-teaser__thumbnail position-relative\">\n\n\t\t\n\t\t\t\t\t<img loading=\"lazy\" class=\"anwp-pg-post-teaser__thumbnail-img d-block anwp-pg-height-250 anwp-object-cover m-0 w-100\"\n\t\t\t\talt=\"Tom\u00e1s Rodrigues\"\n\t\t\t\tsrc=\"https:\/\/apecatolica.pt\/congresso2024app\/wp-content\/uploads\/2024\/09\/tomas-rodrigues.jpg\" \/>\n\t\t\n\t\t<div class=\"anwp-pg-post-teaser__muted_bg\"><\/div>\n\t\t<div class=\"anwp-pg-post-teaser__thumbnail-bg anwp-position-cover\"><\/div>\n\n\t\t<div class=\"anwp-pg-post-teaser__content d-flex flex-column anwp-position-cover\">\n\t\t\t<div class=\"anwp-pg-post-teaser__top-meta d-flex mb-2\">\n\t\t\t\t\t\t\t<\/div>\n\n\t\t\t\n\t\t\t<div class=\"anwp-pg-post-teaser__title anwp-font-heading mt-auto mb-1\">\n\t\t\t\tTom\u00e1s Rodrigues\t\t\t<\/div>\n\n\t\t\t\t\t\t\t<div class=\"mb-2\"><\/div>\n\t\t\t\t\t<\/div>\n\n\t\t<a class=\"anwp-position-cover anwp-link-without-effects\" href=\"https:\/\/apecatolica.pt\/congresso2024app\/tomas-rodrigues\/\" aria-hidden=\"true\" ><\/a>\n\t<\/div>\n<\/div>\n\t<\/div>\n\t\n\t<\/div>\n\t\t\t\t<\/div>\n\t\t\t\t<\/div>\n\t\t\t\t\t<\/div>\n\t\t\t\t<\/div>\n\t\t\t\t<\/div>\n\t\t","protected":false},"excerpt":{"rendered":"<p>ORADORES Alfredo Teixeira Andreia Fernandes Ant\u00f3nio Jos\u00e9 Franco Carlos Go\u00f1i e Pilar Guembe Col\u00e9gio da Rainha Santa Isabel Externato da [&hellip;]<\/p>\n","protected":false},"author":1,"featured_media":0,"parent":0,"menu_order":0,"comment_status":"closed","ping_status":"closed","template":"","meta":{"site-sidebar-layout":"no-sidebar","site-content-layout":"","ast-site-content-layout":"full-width-container","site-content-style":"default","site-sidebar-style":"default","ast-global-header-display":"","ast-banner-title-visibility":"","ast-main-header-display":"","ast-hfb-above-header-display":"","ast-hfb-below-header-display":"","ast-hfb-mobile-header-display":"","site-post-title":"disabled","ast-breadcrumbs-content":"","ast-featured-img":"disabled","footer-sml-layout":"","theme-transparent-header-meta":"default","adv-header-id-meta":"","stick-header-meta":"default","header-above-stick-meta":"","header-main-stick-meta":"","header-below-stick-meta":"","astra-migrate-meta-layouts":"set","ast-page-background-enabled":"default","ast-page-background-meta":{"desktop":{"background-color":"var(--ast-global-color-4)","background-image":"","background-repeat":"repeat","background-position":"center center","background-size":"auto","background-attachment":"scroll","background-type":"","background-media":"","overlay-type":"","overlay-color":"","overlay-opacity":"","overlay-gradient":""},"tablet":{"background-color":"","background-image":"","background-repeat":"repeat","background-position":"center center","background-size":"auto","background-attachment":"scroll","background-type":"","background-media":"","overlay-type":"","overlay-color":"","overlay-opacity":"","overlay-gradient":""},"mobile":{"background-color":"","background-image":"","background-repeat":"repeat","background-position":"center center","background-size":"auto","background-attachment":"scroll","background-type":"","background-media":"","overlay-type":"","overlay-color":"","overlay-opacity":"","overlay-gradient":""}},"ast-content-background-meta":{"desktop":{"background-color":"var(--ast-global-color-5)","background-image":"","background-repeat":"repeat","background-position":"center center","background-size":"auto","background-attachment":"scroll","background-type":"","background-media":"","overlay-type":"","overlay-color":"","overlay-opacity":"","overlay-gradient":""},"tablet":{"background-color":"var(--ast-global-color-5)","background-image":"","background-repeat":"repeat","background-position":"center center","background-size":"auto","background-attachment":"scroll","background-type":"","background-media":"","overlay-type":"","overlay-color":"","overlay-opacity":"","overlay-gradient":""},"mobile":{"background-color":"var(--ast-global-color-5)","background-image":"","background-repeat":"repeat","background-position":"center center","background-size":"auto","background-attachment":"scroll","background-type":"","background-media":"","overlay-type":"","overlay-color":"","overlay-opacity":"","overlay-gradient":""}},"_joinchat":[],"footnotes":""},"class_list":["post-1564","page","type-page","status-publish","hentry"],"rttpg_featured_image_url":null,"rttpg_author":{"display_name":"admin1","author_link":"https:\/\/apecatolica.pt\/congresso2024app\/author\/admin1\/"},"rttpg_comment":0,"rttpg_category":null,"rttpg_excerpt":"ORADORES Alfredo Teixeira Andreia Fernandes Ant\u00f3nio Jos\u00e9 Franco Carlos Go\u00f1i e Pilar Guembe Col\u00e9gio da Rainha Santa Isabel Externato da [&hellip;]","_links":{"self":[{"href":"https:\/\/apecatolica.pt\/congresso2024app\/wp-json\/wp\/v2\/pages\/1564","targetHints":{"allow":["GET"]}}],"collection":[{"href":"https:\/\/apecatolica.pt\/congresso2024app\/wp-json\/wp\/v2\/pages"}],"about":[{"href":"https:\/\/apecatolica.pt\/congresso2024app\/wp-json\/wp\/v2\/types\/page"}],"author":[{"embeddable":true,"href":"https:\/\/apecatolica.pt\/congresso2024app\/wp-json\/wp\/v2\/users\/1"}],"replies":[{"embeddable":true,"href":"https:\/\/apecatolica.pt\/congresso2024app\/wp-json\/wp\/v2\/comments?post=1564"}],"version-history":[{"count":34,"href":"https:\/\/apecatolica.pt\/congresso2024app\/wp-json\/wp\/v2\/pages\/1564\/revisions"}],"predecessor-version":[{"id":2089,"href":"https:\/\/apecatolica.pt\/congresso2024app\/wp-json\/wp\/v2\/pages\/1564\/revisions\/2089"}],"wp:attachment":[{"href":"https:\/\/apecatolica.pt\/congresso2024app\/wp-json\/wp\/v2\/media?parent=1564"}],"curies":[{"name":"wp","href":"https:\/\/api.w.org\/{rel}","templated":true}]}}