{"id":1896,"date":"2024-09-16T11:39:18","date_gmt":"2024-09-16T10:39:18","guid":{"rendered":"https:\/\/apecatolica.pt\/congresso2024a\/?page_id=1896"},"modified":"2024-10-15T17:15:16","modified_gmt":"2024-10-15T16:15:16","slug":"congresso","status":"publish","type":"page","link":"https:\/\/apecatolica.pt\/congresso2024app\/congresso\/","title":{"rendered":"Congresso"},"content":{"rendered":"\t\t<div data-elementor-type=\"wp-page\" data-elementor-id=\"1896\" class=\"elementor elementor-1896\" data-elementor-post-type=\"page\">\n\t\t\t\t<div class=\"elementor-element elementor-element-58f51e0 e-flex e-con-boxed e-con e-parent\" data-id=\"58f51e0\" data-element_type=\"container\">\n\t\t\t\t\t<div class=\"e-con-inner\">\n\t\t\t\t<div class=\"elementor-element elementor-element-77c89da elementor-widget elementor-widget-spacer\" data-id=\"77c89da\" data-element_type=\"widget\" data-widget_type=\"spacer.default\">\n\t\t\t\t<div class=\"elementor-widget-container\">\n\t\t\t\t\t\t\t<div class=\"elementor-spacer\">\n\t\t\t<div class=\"elementor-spacer-inner\"><\/div>\n\t\t<\/div>\n\t\t\t\t\t\t<\/div>\n\t\t\t\t<\/div>\n\t\t\t\t\t<\/div>\n\t\t\t\t<\/div>\n\t\t<div class=\"elementor-element elementor-element-6e14fa0 e-flex e-con-boxed e-con e-parent\" data-id=\"6e14fa0\" data-element_type=\"container\">\n\t\t\t\t\t<div class=\"e-con-inner\">\n\t\t\t\t<div class=\"elementor-element elementor-element-ad3bafc elementor-widget elementor-widget-heading\" data-id=\"ad3bafc\" data-element_type=\"widget\" data-widget_type=\"heading.default\">\n\t\t\t\t<div class=\"elementor-widget-container\">\n\t\t\t\t\t<h2 class=\"elementor-heading-title elementor-size-default\">CONGRESSO<\/h2>\t\t\t\t<\/div>\n\t\t\t\t<\/div>\n\t\t\t\t\t<\/div>\n\t\t\t\t<\/div>\n\t\t<div class=\"elementor-element elementor-element-77a759e e-flex e-con-boxed e-con e-parent\" data-id=\"77a759e\" data-element_type=\"container\">\n\t\t\t\t\t<div class=\"e-con-inner\">\n\t\t\t\t<div class=\"elementor-element elementor-element-a4f86ab elementor-widget elementor-widget-accordion\" data-id=\"a4f86ab\" data-element_type=\"widget\" data-widget_type=\"accordion.default\">\n\t\t\t\t<div class=\"elementor-widget-container\">\n\t\t\t\t\t\t\t<div class=\"elementor-accordion\">\n\t\t\t\t\t\t\t<div class=\"elementor-accordion-item\">\n\t\t\t\t\t<div id=\"elementor-tab-title-1721\" class=\"elementor-tab-title\" data-tab=\"1\" role=\"button\" aria-controls=\"elementor-tab-content-1721\" aria-expanded=\"false\">\n\t\t\t\t\t\t\t\t\t\t\t\t\t<span class=\"elementor-accordion-icon elementor-accordion-icon-left\" aria-hidden=\"true\">\n\t\t\t\t\t\t\t\t\t\t\t\t\t\t\t<span class=\"elementor-accordion-icon-closed\"><svg class=\"e-font-icon-svg e-fas-plus\" viewBox=\"0 0 448 512\" xmlns=\"http:\/\/www.w3.org\/2000\/svg\"><path d=\"M416 208H272V64c0-17.67-14.33-32-32-32h-32c-17.67 0-32 14.33-32 32v144H32c-17.67 0-32 14.33-32 32v32c0 17.67 14.33 32 32 32h144v144c0 17.67 14.33 32 32 32h32c17.67 0 32-14.33 32-32V304h144c17.67 0 32-14.33 32-32v-32c0-17.67-14.33-32-32-32z\"><\/path><\/svg><\/span>\n\t\t\t\t\t\t\t\t<span class=\"elementor-accordion-icon-opened\"><svg class=\"e-font-icon-svg e-fas-minus\" viewBox=\"0 0 448 512\" xmlns=\"http:\/\/www.w3.org\/2000\/svg\"><path d=\"M416 208H32c-17.67 0-32 14.33-32 32v32c0 17.67 14.33 32 32 32h384c17.67 0 32-14.33 32-32v-32c0-17.67-14.33-32-32-32z\"><\/path><\/svg><\/span>\n\t\t\t\t\t\t\t\t\t\t\t\t\t\t<\/span>\n\t\t\t\t\t\t\t\t\t\t\t\t<a class=\"elementor-accordion-title\" tabindex=\"0\">Sauda\u00e7\u00e3o<\/a>\n\t\t\t\t\t<\/div>\n\t\t\t\t\t<div id=\"elementor-tab-content-1721\" class=\"elementor-tab-content elementor-clearfix\" data-tab=\"1\" role=\"region\" aria-labelledby=\"elementor-tab-title-1721\"><p style=\"font-weight: 400;\">Para que serve um congresso?<\/p><p style=\"font-weight: 400;\">Para celebrar. Para falar, escutar e pensar. Para relan\u00e7ar.<\/p><p style=\"font-weight: 400;\">Que seja assim, pois, este nosso II Congresso da Escola Cat\u00f3lica.<\/p><p style=\"font-weight: 400;\">Celebrarmos e mostrarmos a alegria de sermos quem somos.<\/p><p style=\"font-weight: 400;\">Falarmos, escutarmos e pensarmos em conjunto, todos juntos, na diversidade de vis\u00f5es, voca\u00e7\u00f5es e carismas, que d\u00e3o uma riqueza \u00fanica \u00e0quilo que somos.<\/p><p style=\"font-weight: 400;\">Relan\u00e7armo-nos com renovado \u00e2nimo nesta miss\u00e3o educativa global, no mundo em que vivemos, na Igreja que tanto amamos.<\/p><p style=\"font-weight: 400;\">Marcados por uma identidade comum! Convocados para um mesmo pacto educativo e nele comprometidos!<\/p><p style=\"font-weight: 400;\">Tudo isto n\u00e3o apenas por nossa vontade, mas porque houve Algu\u00e9m que nos mandou \u201cir e ensinar\u201d, com a vis\u00e3o de esperan\u00e7a transformadora com que Ele pr\u00f3prio veio e ensinou! E a partir da\u00ed nada foi igual!<\/p><p style=\"font-weight: 400;\">Um excelente congresso a todos!<\/p><p style=\"font-weight: 400;\"><em>Fernando Moita<\/em>\u00a0(Diretor do SNEC)<br \/><em>Fernando Magalh\u00e3es<\/em>\u00a0(Presidente da APEC)<\/p><\/div>\n\t\t\t\t<\/div>\n\t\t\t\t\t\t\t<div class=\"elementor-accordion-item\">\n\t\t\t\t\t<div id=\"elementor-tab-title-1722\" class=\"elementor-tab-title\" data-tab=\"2\" role=\"button\" aria-controls=\"elementor-tab-content-1722\" aria-expanded=\"false\">\n\t\t\t\t\t\t\t\t\t\t\t\t\t<span class=\"elementor-accordion-icon elementor-accordion-icon-left\" aria-hidden=\"true\">\n\t\t\t\t\t\t\t\t\t\t\t\t\t\t\t<span class=\"elementor-accordion-icon-closed\"><svg class=\"e-font-icon-svg e-fas-plus\" viewBox=\"0 0 448 512\" xmlns=\"http:\/\/www.w3.org\/2000\/svg\"><path d=\"M416 208H272V64c0-17.67-14.33-32-32-32h-32c-17.67 0-32 14.33-32 32v144H32c-17.67 0-32 14.33-32 32v32c0 17.67 14.33 32 32 32h144v144c0 17.67 14.33 32 32 32h32c17.67 0 32-14.33 32-32V304h144c17.67 0 32-14.33 32-32v-32c0-17.67-14.33-32-32-32z\"><\/path><\/svg><\/span>\n\t\t\t\t\t\t\t\t<span class=\"elementor-accordion-icon-opened\"><svg class=\"e-font-icon-svg e-fas-minus\" viewBox=\"0 0 448 512\" xmlns=\"http:\/\/www.w3.org\/2000\/svg\"><path d=\"M416 208H32c-17.67 0-32 14.33-32 32v32c0 17.67 14.33 32 32 32h384c17.67 0 32-14.33 32-32v-32c0-17.67-14.33-32-32-32z\"><\/path><\/svg><\/span>\n\t\t\t\t\t\t\t\t\t\t\t\t\t\t<\/span>\n\t\t\t\t\t\t\t\t\t\t\t\t<a class=\"elementor-accordion-title\" tabindex=\"0\">Enquadramento e objetivos<\/a>\n\t\t\t\t\t<\/div>\n\t\t\t\t\t<div id=\"elementor-tab-content-1722\" class=\"elementor-tab-content elementor-clearfix\" data-tab=\"2\" role=\"region\" aria-labelledby=\"elementor-tab-title-1722\"><p>O II Congresso Nacional da Escola Cat\u00f3lica encerra as comemora\u00e7\u00f5es dos 25 anos da Associa\u00e7\u00e3o Portuguesa de Escolas Cat\u00f3licas (APEC). Com efeito, na reuni\u00e3o de 29 de maio de 1998 da Assembleia do Grupo de Trabalho para a Dinamiza\u00e7\u00e3o da Escola Cat\u00f3lica, criado em 1996, por iniciativa da Confer\u00eancia Episcopal Portuguesa (CEP) -, D. Albino Cleto deu conhecimento de que na Assembleia da CEP de abril de 1998, os estatutos foram aprovados e reconhecida a APEC. Em 19 de outubro de 1998, o secret\u00e1rio da CEP envia a comunica\u00e7\u00e3o formal da cria\u00e7\u00e3o da APEC.<\/p><p>Depois de no I Congresso, realizado em 2003, se ter abordado o tema \u201cEscola Cat\u00f3lica \u2013 proposta e desafio\u201d, o II Congresso \u00e9 subordinado ao tema \u201cEscola Cat\u00f3lica \u2013 identidade e pacto num mundo global\u201d, procurando cumprir os seguintes objetivos:<\/p><p>\u2192 Promover a identidade e a miss\u00e3o da Escola Cat\u00f3lica;<\/p><p>\u2192 Afirmar o papel marcante e insubstitu\u00edvel da Escola Cat\u00f3lica na Igreja e na sociedade portuguesa;<\/p><p>\u2192 Favorecer o debate em torno dos sete compromissos com o Pacto Educativo Global;<\/p><p>\u2192 Comemorar os 25 anos da APEC.<\/p><p>Est\u00e3o inscritos no Congresso 325 pessoas de 76 escolas cat\u00f3licas.<\/p><\/div>\n\t\t\t\t<\/div>\n\t\t\t\t\t\t\t<div class=\"elementor-accordion-item\">\n\t\t\t\t\t<div id=\"elementor-tab-title-1723\" class=\"elementor-tab-title\" data-tab=\"3\" role=\"button\" aria-controls=\"elementor-tab-content-1723\" aria-expanded=\"false\">\n\t\t\t\t\t\t\t\t\t\t\t\t\t<span class=\"elementor-accordion-icon elementor-accordion-icon-left\" aria-hidden=\"true\">\n\t\t\t\t\t\t\t\t\t\t\t\t\t\t\t<span class=\"elementor-accordion-icon-closed\"><svg class=\"e-font-icon-svg e-fas-plus\" viewBox=\"0 0 448 512\" xmlns=\"http:\/\/www.w3.org\/2000\/svg\"><path d=\"M416 208H272V64c0-17.67-14.33-32-32-32h-32c-17.67 0-32 14.33-32 32v144H32c-17.67 0-32 14.33-32 32v32c0 17.67 14.33 32 32 32h144v144c0 17.67 14.33 32 32 32h32c17.67 0 32-14.33 32-32V304h144c17.67 0 32-14.33 32-32v-32c0-17.67-14.33-32-32-32z\"><\/path><\/svg><\/span>\n\t\t\t\t\t\t\t\t<span class=\"elementor-accordion-icon-opened\"><svg class=\"e-font-icon-svg e-fas-minus\" viewBox=\"0 0 448 512\" xmlns=\"http:\/\/www.w3.org\/2000\/svg\"><path d=\"M416 208H32c-17.67 0-32 14.33-32 32v32c0 17.67 14.33 32 32 32h384c17.67 0 32-14.33 32-32v-32c0-17.67-14.33-32-32-32z\"><\/path><\/svg><\/span>\n\t\t\t\t\t\t\t\t\t\t\t\t\t\t<\/span>\n\t\t\t\t\t\t\t\t\t\t\t\t<a class=\"elementor-accordion-title\" tabindex=\"0\">Informa\u00e7\u00f5es<\/a>\n\t\t\t\t\t<\/div>\n\t\t\t\t\t<div id=\"elementor-tab-content-1723\" class=\"elementor-tab-content elementor-clearfix\" data-tab=\"3\" role=\"region\" aria-labelledby=\"elementor-tab-title-1723\"><p>&#8211; As senhas do bar, para quem n\u00e3o as comprou antecipadamente, s\u00f3 podem ser adquiridas no bar. Mas podem usar as diversas m\u00e1quinas de vending dispon\u00edveis no espa\u00e7o envolvente.<\/p><p>&#8211; Para tomar as refei\u00e7\u00f5es no refeit\u00f3rio do Centro Pastoral, \u00e9 necess\u00e1ria a aquisi\u00e7\u00e3o pr\u00e9via das senhas (cujo prazo terminou atrav\u00e9s da App). Excecionalmente, poder\u00e3o ser adquiridas at\u00e9 \u00e0s 10:30 do pr\u00f3prio dia, no bar, caso ainda haja essa possibilidade.<\/p><p>&#8211; As quest\u00f5es a colocar nos debates s\u00e3o postas atrav\u00e9s da App do congresso. Para tal, o WhatsApp deve estar previamente instalado. Depois, basta, na App, clicar no s\u00edmbolo <img decoding=\"async\" class=\"alignnone wp-image-2155\" src=\"https:\/\/apecatolica.pt\/congresso2024app\/wp-content\/uploads\/2024\/10\/WhatsApp_icon-300x300.png\" alt=\"\" width=\"37\" height=\"37\" \/> , escrever a quest\u00e3o no campo criado para o efeito, e enviar.<\/p><p>&#8211; Alguns exemplares do livro da Ir. Maria da Gl\u00f3ria Cordeiro, \u201cOs alicerces da constru\u00e7\u00e3o \u2013 Col\u00e9gio Rainha Santa Isabel\u201d, que vai ser homenageada no congresso, encontram-se dispon\u00edveis, gratuitamente, no secretariado.<\/p><p>&#8211; O \u00faltimo CD da Ir. Maria Am\u00e9lia Costa (\u201cPeregrinos da Esperan\u00e7a\u201d), editado em 4 de outubro de 2024, que integra um dos momentos orantes, est\u00e1 \u00e0 venda na livraria do Centro Pastoral de Paulo VI, situada perto do secretariado.<\/p><p>&#8211; O Congresso ser\u00e1 gravado e as grava\u00e7\u00f5es disponibilizadas.<\/p><p>&#8211; Os certificados de presen\u00e7a s\u00e3o, posteriormente, enviados \u00e0s escolas (caso das inscri\u00e7\u00f5es coletivas) ou diretamente aos congressistas com inscri\u00e7\u00e3o individual.<\/p><p>&#8211; N\u00e3o esquecer de preencher o inqu\u00e9rito de satisfa\u00e7\u00e3o.<\/p><\/div>\n\t\t\t\t<\/div>\n\t\t\t\t\t\t\t<div class=\"elementor-accordion-item\">\n\t\t\t\t\t<div id=\"elementor-tab-title-1724\" class=\"elementor-tab-title\" data-tab=\"4\" role=\"button\" aria-controls=\"elementor-tab-content-1724\" aria-expanded=\"false\">\n\t\t\t\t\t\t\t\t\t\t\t\t\t<span class=\"elementor-accordion-icon elementor-accordion-icon-left\" aria-hidden=\"true\">\n\t\t\t\t\t\t\t\t\t\t\t\t\t\t\t<span class=\"elementor-accordion-icon-closed\"><svg class=\"e-font-icon-svg e-fas-plus\" viewBox=\"0 0 448 512\" xmlns=\"http:\/\/www.w3.org\/2000\/svg\"><path d=\"M416 208H272V64c0-17.67-14.33-32-32-32h-32c-17.67 0-32 14.33-32 32v144H32c-17.67 0-32 14.33-32 32v32c0 17.67 14.33 32 32 32h144v144c0 17.67 14.33 32 32 32h32c17.67 0 32-14.33 32-32V304h144c17.67 0 32-14.33 32-32v-32c0-17.67-14.33-32-32-32z\"><\/path><\/svg><\/span>\n\t\t\t\t\t\t\t\t<span class=\"elementor-accordion-icon-opened\"><svg class=\"e-font-icon-svg e-fas-minus\" viewBox=\"0 0 448 512\" xmlns=\"http:\/\/www.w3.org\/2000\/svg\"><path d=\"M416 208H32c-17.67 0-32 14.33-32 32v32c0 17.67 14.33 32 32 32h384c17.67 0 32-14.33 32-32v-32c0-17.67-14.33-32-32-32z\"><\/path><\/svg><\/span>\n\t\t\t\t\t\t\t\t\t\t\t\t\t\t<\/span>\n\t\t\t\t\t\t\t\t\t\t\t\t<a class=\"elementor-accordion-title\" tabindex=\"0\">Contactos \u00fateis<\/a>\n\t\t\t\t\t<\/div>\n\t\t\t\t\t<div id=\"elementor-tab-content-1724\" class=\"elementor-tab-content elementor-clearfix\" data-tab=\"4\" role=\"region\" aria-labelledby=\"elementor-tab-title-1724\"><p><strong>APEC<\/strong><br \/><a href=\"mailto:geral@apecatolica.pt\">geral@apecatolica.pt<\/a><br \/>Tlm: 967016871<br \/><a href=\"https:\/\/apecatolica.pt\/\">https:\/\/apecatolica.pt\/<\/a><\/p><p><br \/><strong>SNEC<\/strong><br \/><a href=\"mailto:snec@snec.pt\">snec@snec.pt<\/a><br \/>Tel: 218851285<br \/><a href=\"https:\/\/www.educris.com\/\">https:\/\/www.educris.com\/<\/a><\/p><p>\u00a0<\/p><\/div>\n\t\t\t\t<\/div>\n\t\t\t\t\t\t\t<div class=\"elementor-accordion-item\">\n\t\t\t\t\t<div id=\"elementor-tab-title-1725\" class=\"elementor-tab-title\" data-tab=\"5\" role=\"button\" aria-controls=\"elementor-tab-content-1725\" aria-expanded=\"false\">\n\t\t\t\t\t\t\t\t\t\t\t\t\t<span class=\"elementor-accordion-icon elementor-accordion-icon-left\" aria-hidden=\"true\">\n\t\t\t\t\t\t\t\t\t\t\t\t\t\t\t<span class=\"elementor-accordion-icon-closed\"><svg class=\"e-font-icon-svg e-fas-plus\" viewBox=\"0 0 448 512\" xmlns=\"http:\/\/www.w3.org\/2000\/svg\"><path d=\"M416 208H272V64c0-17.67-14.33-32-32-32h-32c-17.67 0-32 14.33-32 32v144H32c-17.67 0-32 14.33-32 32v32c0 17.67 14.33 32 32 32h144v144c0 17.67 14.33 32 32 32h32c17.67 0 32-14.33 32-32V304h144c17.67 0 32-14.33 32-32v-32c0-17.67-14.33-32-32-32z\"><\/path><\/svg><\/span>\n\t\t\t\t\t\t\t\t<span class=\"elementor-accordion-icon-opened\"><svg class=\"e-font-icon-svg e-fas-minus\" viewBox=\"0 0 448 512\" xmlns=\"http:\/\/www.w3.org\/2000\/svg\"><path d=\"M416 208H32c-17.67 0-32 14.33-32 32v32c0 17.67 14.33 32 32 32h384c17.67 0 32-14.33 32-32v-32c0-17.67-14.33-32-32-32z\"><\/path><\/svg><\/span>\n\t\t\t\t\t\t\t\t\t\t\t\t\t\t<\/span>\n\t\t\t\t\t\t\t\t\t\t\t\t<a class=\"elementor-accordion-title\" tabindex=\"0\">Locais<\/a>\n\t\t\t\t\t<\/div>\n\t\t\t\t\t<div id=\"elementor-tab-content-1725\" class=\"elementor-tab-content elementor-clearfix\" data-tab=\"5\" role=\"region\" aria-labelledby=\"elementor-tab-title-1725\"><p>\u00a0<\/p><p>Centro Pastoral Paulo VI<\/p><p><iframe style=\"border: 0;\" src=\"https:\/\/www.google.com\/maps\/embed?pb=!1m18!1m12!1m3!1d3065.688078631442!2d-8.680029839256456!3d39.6278262248822!2m3!1f0!2f0!3f0!3m2!1i1024!2i768!4f13.1!3m3!1m2!1s0xd189d3c92164a73%3A0xb9748cabea715090!2sCentro%20Pastoral%20de%20Paulo%20VI!5e1!3m2!1spt-PT!2spt!4v1728394742130!5m2!1spt-PT!2spt\" width=\"600\" height=\"450\" allowfullscreen=\"allowfullscreen\"><\/iframe><\/p><p>Capela da Morte de Jesus<\/p><p><iframe style=\"border: 0;\" src=\"https:\/\/www.google.com\/maps\/embed?pb=!1m18!1m12!1m3!1d1358.6581617724034!2d-8.675932229388286!3d39.63025692272059!2m3!1f0!2f0!3f0!3m2!1i1024!2i768!4f13.1!3m3!1m2!1s0xd189d3beaa0f0ef%3A0x2ec51da3471f0431!2sCapela%20da%20Morte%20de%20Jesus!5e1!3m2!1spt-PT!2spt!4v1728394857550!5m2!1spt-PT!2spt\" width=\"600\" height=\"450\" allowfullscreen=\"allowfullscreen\"><\/iframe><\/p><\/div>\n\t\t\t\t<\/div>\n\t\t\t\t\t\t\t\t<\/div>\n\t\t\t\t\t\t<\/div>\n\t\t\t\t<\/div>\n\t\t\t\t\t<\/div>\n\t\t\t\t<\/div>\n\t\t<div class=\"elementor-element elementor-element-f62c9ce e-flex e-con-boxed e-con e-parent\" data-id=\"f62c9ce\" data-element_type=\"container\">\n\t\t\t\t\t<div class=\"e-con-inner\">\n\t\t\t\t<div class=\"elementor-element elementor-element-fd6abc0 elementor-widget elementor-widget-html\" data-id=\"fd6abc0\" data-element_type=\"widget\" data-widget_type=\"html.default\">\n\t\t\t\t<div class=\"elementor-widget-container\">\n\t\t\t\t\t<script>\r\njQuery(document).ready(function($) {\r\nvar delay = 100; setTimeout(function() {\r\n$('.elementor-tab-title').removeClass('elementor-active');\r\n $('.elementor-tab-content').css('display', 'none'); }, delay);\r\n});\r\n<\/script>\t\t\t\t<\/div>\n\t\t\t\t<\/div>\n\t\t\t\t\t<\/div>\n\t\t\t\t<\/div>\n\t\t\t\t<\/div>\n\t\t","protected":false},"excerpt":{"rendered":"<p>CONGRESSO Sauda\u00e7\u00e3o Para que serve um congresso? Para celebrar. Para falar, escutar e pensar. Para relan\u00e7ar. Que seja assim, pois, [&hellip;]<\/p>\n","protected":false},"author":1,"featured_media":0,"parent":0,"menu_order":0,"comment_status":"closed","ping_status":"closed","template":"","meta":{"site-sidebar-layout":"no-sidebar","site-content-layout":"","ast-site-content-layout":"full-width-container","site-content-style":"default","site-sidebar-style":"default","ast-global-header-display":"","ast-banner-title-visibility":"","ast-main-header-display":"","ast-hfb-above-header-display":"","ast-hfb-below-header-display":"","ast-hfb-mobile-header-display":"","site-post-title":"disabled","ast-breadcrumbs-content":"","ast-featured-img":"disabled","footer-sml-layout":"","theme-transparent-header-meta":"default","adv-header-id-meta":"","stick-header-meta":"default","header-above-stick-meta":"","header-main-stick-meta":"","header-below-stick-meta":"","astra-migrate-meta-layouts":"set","ast-page-background-enabled":"default","ast-page-background-meta":{"desktop":{"background-color":"var(--ast-global-color-4)","background-image":"","background-repeat":"repeat","background-position":"center center","background-size":"auto","background-attachment":"scroll","background-type":"","background-media":"","overlay-type":"","overlay-color":"","overlay-opacity":"","overlay-gradient":""},"tablet":{"background-color":"","background-image":"","background-repeat":"repeat","background-position":"center center","background-size":"auto","background-attachment":"scroll","background-type":"","background-media":"","overlay-type":"","overlay-color":"","overlay-opacity":"","overlay-gradient":""},"mobile":{"background-color":"","background-image":"","background-repeat":"repeat","background-position":"center center","background-size":"auto","background-attachment":"scroll","background-type":"","background-media":"","overlay-type":"","overlay-color":"","overlay-opacity":"","overlay-gradient":""}},"ast-content-background-meta":{"desktop":{"background-color":"var(--ast-global-color-5)","background-image":"","background-repeat":"repeat","background-position":"center center","background-size":"auto","background-attachment":"scroll","background-type":"","background-media":"","overlay-type":"","overlay-color":"","overlay-opacity":"","overlay-gradient":""},"tablet":{"background-color":"var(--ast-global-color-5)","background-image":"","background-repeat":"repeat","background-position":"center center","background-size":"auto","background-attachment":"scroll","background-type":"","background-media":"","overlay-type":"","overlay-color":"","overlay-opacity":"","overlay-gradient":""},"mobile":{"background-color":"var(--ast-global-color-5)","background-image":"","background-repeat":"repeat","background-position":"center center","background-size":"auto","background-attachment":"scroll","background-type":"","background-media":"","overlay-type":"","overlay-color":"","overlay-opacity":"","overlay-gradient":""}},"_joinchat":[],"footnotes":""},"class_list":["post-1896","page","type-page","status-publish","hentry"],"rttpg_featured_image_url":null,"rttpg_author":{"display_name":"admin1","author_link":"https:\/\/apecatolica.pt\/congresso2024app\/author\/admin1\/"},"rttpg_comment":0,"rttpg_category":null,"rttpg_excerpt":"CONGRESSO Sauda\u00e7\u00e3o Para que serve um congresso? Para celebrar. Para falar, escutar e pensar. Para relan\u00e7ar. Que seja assim, pois, [&hellip;]","_links":{"self":[{"href":"https:\/\/apecatolica.pt\/congresso2024app\/wp-json\/wp\/v2\/pages\/1896","targetHints":{"allow":["GET"]}}],"collection":[{"href":"https:\/\/apecatolica.pt\/congresso2024app\/wp-json\/wp\/v2\/pages"}],"about":[{"href":"https:\/\/apecatolica.pt\/congresso2024app\/wp-json\/wp\/v2\/types\/page"}],"author":[{"embeddable":true,"href":"https:\/\/apecatolica.pt\/congresso2024app\/wp-json\/wp\/v2\/users\/1"}],"replies":[{"embeddable":true,"href":"https:\/\/apecatolica.pt\/congresso2024app\/wp-json\/wp\/v2\/comments?post=1896"}],"version-history":[{"count":67,"href":"https:\/\/apecatolica.pt\/congresso2024app\/wp-json\/wp\/v2\/pages\/1896\/revisions"}],"predecessor-version":[{"id":2242,"href":"https:\/\/apecatolica.pt\/congresso2024app\/wp-json\/wp\/v2\/pages\/1896\/revisions\/2242"}],"wp:attachment":[{"href":"https:\/\/apecatolica.pt\/congresso2024app\/wp-json\/wp\/v2\/media?parent=1896"}],"curies":[{"name":"wp","href":"https:\/\/api.w.org\/{rel}","templated":true}]}}