{"id":2021,"date":"2024-10-04T10:39:38","date_gmt":"2024-10-04T09:39:38","guid":{"rendered":"https:\/\/apecatolica.pt\/congresso2024app\/?page_id=2021"},"modified":"2024-12-03T23:16:53","modified_gmt":"2024-12-03T23:16:53","slug":"missa","status":"publish","type":"page","link":"https:\/\/apecatolica.pt\/congresso2024app\/missa\/","title":{"rendered":"missa"},"content":{"rendered":"\t\t<div data-elementor-type=\"wp-page\" data-elementor-id=\"2021\" class=\"elementor elementor-2021\" data-elementor-post-type=\"page\">\n\t\t\t\t<div class=\"elementor-element elementor-element-ccdb559 e-flex e-con-boxed e-con e-parent\" data-id=\"ccdb559\" data-element_type=\"container\">\n\t\t\t\t\t<div class=\"e-con-inner\">\n\t\t\t\t<div class=\"elementor-element elementor-element-a2aa957 elementor-widget elementor-widget-spacer\" data-id=\"a2aa957\" data-element_type=\"widget\" data-widget_type=\"spacer.default\">\n\t\t\t\t<div class=\"elementor-widget-container\">\n\t\t\t\t\t\t\t<div class=\"elementor-spacer\">\n\t\t\t<div class=\"elementor-spacer-inner\"><\/div>\n\t\t<\/div>\n\t\t\t\t\t\t<\/div>\n\t\t\t\t<\/div>\n\t\t\t\t\t<\/div>\n\t\t\t\t<\/div>\n\t\t<div class=\"elementor-element elementor-element-de8e32f e-flex e-con-boxed e-con e-parent\" data-id=\"de8e32f\" data-element_type=\"container\">\n\t\t\t\t\t<div class=\"e-con-inner\">\n\t\t\t\t<div class=\"elementor-element elementor-element-eda564c elementor-widget elementor-widget-heading\" data-id=\"eda564c\" data-element_type=\"widget\" data-widget_type=\"heading.default\">\n\t\t\t\t<div class=\"elementor-widget-container\">\n\t\t\t\t\t<h2 class=\"elementor-heading-title elementor-size-default\">MISSA<\/h2>\t\t\t\t<\/div>\n\t\t\t\t<\/div>\n\t\t\t\t\t<\/div>\n\t\t\t\t<\/div>\n\t\t<div class=\"elementor-element elementor-element-adfed39 e-flex e-con-boxed e-con e-parent\" data-id=\"adfed39\" data-element_type=\"container\">\n\t\t\t\t\t<div class=\"e-con-inner\">\n\t\t\t\t<div class=\"elementor-element elementor-element-3387726 elementor-widget elementor-widget-accordion\" data-id=\"3387726\" data-element_type=\"widget\" data-widget_type=\"accordion.default\">\n\t\t\t\t<div class=\"elementor-widget-container\">\n\t\t\t\t\t\t\t<div class=\"elementor-accordion\">\n\t\t\t\t\t\t\t<div class=\"elementor-accordion-item\">\n\t\t\t\t\t<div id=\"elementor-tab-title-5401\" class=\"elementor-tab-title\" data-tab=\"1\" role=\"button\" aria-controls=\"elementor-tab-content-5401\" aria-expanded=\"false\">\n\t\t\t\t\t\t\t\t\t\t\t\t\t<span class=\"elementor-accordion-icon elementor-accordion-icon-left\" aria-hidden=\"true\">\n\t\t\t\t\t\t\t\t\t\t\t\t\t\t\t<span class=\"elementor-accordion-icon-closed\"><svg class=\"e-font-icon-svg e-fas-plus\" viewBox=\"0 0 448 512\" xmlns=\"http:\/\/www.w3.org\/2000\/svg\"><path d=\"M416 208H272V64c0-17.67-14.33-32-32-32h-32c-17.67 0-32 14.33-32 32v144H32c-17.67 0-32 14.33-32 32v32c0 17.67 14.33 32 32 32h144v144c0 17.67 14.33 32 32 32h32c17.67 0 32-14.33 32-32V304h144c17.67 0 32-14.33 32-32v-32c0-17.67-14.33-32-32-32z\"><\/path><\/svg><\/span>\n\t\t\t\t\t\t\t\t<span class=\"elementor-accordion-icon-opened\"><svg class=\"e-font-icon-svg e-fas-minus\" viewBox=\"0 0 448 512\" xmlns=\"http:\/\/www.w3.org\/2000\/svg\"><path d=\"M416 208H32c-17.67 0-32 14.33-32 32v32c0 17.67 14.33 32 32 32h384c17.67 0 32-14.33 32-32v-32c0-17.67-14.33-32-32-32z\"><\/path><\/svg><\/span>\n\t\t\t\t\t\t\t\t\t\t\t\t\t\t<\/span>\n\t\t\t\t\t\t\t\t\t\t\t\t<a class=\"elementor-accordion-title\" tabindex=\"0\">C\u00e2nticos<\/a>\n\t\t\t\t\t<\/div>\n\t\t\t\t\t<div id=\"elementor-tab-content-5401\" class=\"elementor-tab-content elementor-clearfix\" data-tab=\"1\" role=\"region\" aria-labelledby=\"elementor-tab-title-5401\"><p><strong>1. Entrada<\/strong>: Povo de Reis<\/p><p><strong>Refr\u00e3o:<br \/><\/strong>Povo de reis, assembleia santa, povo sacerdotal,<br \/>Povo de Deus, bendiz o teu Senhor!<\/p><p><strong>2. Salmo responsorial<\/strong><\/p><p><strong>Refr\u00e3o:<br \/><\/strong>Bendito seja o Senhor, Deus de Israel,<br \/>Que visitou e redimiu o seu povo<\/p><p><strong>3. Aclama\u00e7\u00e3o<\/strong>: Aleluia (Taiz\u00e9)<\/p><p>Aleluia, aleluia, aleluia!<br \/>Aleluia, aleluia, aleluia!<\/p><p><strong>4. Ofert\u00f3rio<\/strong>: Ave Maria, Arcadelt<\/p><p><strong>5. Santo<\/strong>: de \u201cJesus Cristo Superstar\u201d<\/p><p>Santo, santo, santo \u00e9 o Senhor<br \/>Santo \u00e9 o Senhor Deus do universo.<br \/>Os c\u00e9us e a terra proclamam p\u2019ra sempre a vossa gl\u00f3ria.<br \/>Hossana nas alturas!<br \/>Santo, santo, santo \u00e9 o Senhor<br \/>Santo \u00e9 o Senhor Deus do universo.<br \/>Bendito aquele que vem em nome do Senhor.<br \/>Hossana nas alturas!<\/p><p><strong>6. Cordeiro<\/strong>: Missa \u201cDe Angelis\u201d<\/p><p>Agnus Dei, qui tolis peccata mundi, miserere nobis.<br \/>Agnus Dei, qui tolis peccata mundi, miserere nobis.<br \/>Agnus Dei, qui tolis peccata mundi, dona nobis pacem.<\/p><p><strong>7. Comunh\u00e3o<\/strong>: Sempre que comemos o p\u00e3o<\/p><p><strong>Refr\u00e3o:<br \/><\/strong>Sempre que comemos o p\u00e3o e bebemos deste vinho,<br \/>Anunciamos ao mundo a ressurrei\u00e7\u00e3o do Senhor (bis).<\/p><p><strong>8. A\u00e7\u00e3o de gra\u00e7as<\/strong>: Abendlied<\/p><p><strong>9. Final<\/strong>: N\u00f3s somos as pedras vivas<\/p><p><strong>Refr\u00e3o:<br \/><\/strong>N\u00f3s somos as pedras vivas do templo do Senhor (bis)<br \/>Povo sacerdotal, igreja santa de Deus.<br \/>N\u00f3s somos as pedras vivas do templo do Senhor.<\/p><\/div>\n\t\t\t\t<\/div>\n\t\t\t\t\t\t\t<div class=\"elementor-accordion-item\">\n\t\t\t\t\t<div id=\"elementor-tab-title-5402\" class=\"elementor-tab-title\" data-tab=\"2\" role=\"button\" aria-controls=\"elementor-tab-content-5402\" aria-expanded=\"false\">\n\t\t\t\t\t\t\t\t\t\t\t\t\t<span class=\"elementor-accordion-icon elementor-accordion-icon-left\" aria-hidden=\"true\">\n\t\t\t\t\t\t\t\t\t\t\t\t\t\t\t<span class=\"elementor-accordion-icon-closed\"><svg class=\"e-font-icon-svg e-fas-plus\" viewBox=\"0 0 448 512\" xmlns=\"http:\/\/www.w3.org\/2000\/svg\"><path d=\"M416 208H272V64c0-17.67-14.33-32-32-32h-32c-17.67 0-32 14.33-32 32v144H32c-17.67 0-32 14.33-32 32v32c0 17.67 14.33 32 32 32h144v144c0 17.67 14.33 32 32 32h32c17.67 0 32-14.33 32-32V304h144c17.67 0 32-14.33 32-32v-32c0-17.67-14.33-32-32-32z\"><\/path><\/svg><\/span>\n\t\t\t\t\t\t\t\t<span class=\"elementor-accordion-icon-opened\"><svg class=\"e-font-icon-svg e-fas-minus\" viewBox=\"0 0 448 512\" xmlns=\"http:\/\/www.w3.org\/2000\/svg\"><path d=\"M416 208H32c-17.67 0-32 14.33-32 32v32c0 17.67 14.33 32 32 32h384c17.67 0 32-14.33 32-32v-32c0-17.67-14.33-32-32-32z\"><\/path><\/svg><\/span>\n\t\t\t\t\t\t\t\t\t\t\t\t\t\t<\/span>\n\t\t\t\t\t\t\t\t\t\t\t\t<a class=\"elementor-accordion-title\" tabindex=\"0\">Leituras<\/a>\n\t\t\t\t\t<\/div>\n\t\t\t\t\t<div id=\"elementor-tab-content-5402\" class=\"elementor-tab-content elementor-clearfix\" data-tab=\"2\" role=\"region\" aria-labelledby=\"elementor-tab-title-5402\"><p><strong>LEITURA I (anos pares) Gal 3, 1-5<\/strong><br \/>\u00abRecebestes o Esp\u00edrito por terdes observado a Lei de Mois\u00e9s,ou porque ouvistes a mensagem da f\u00e9?\u00bb<\/p><p><em><strong>Leitura da Ep\u00edstola do ap\u00f3stolo S\u00e3o Paulo aos G\u00e1latas<\/strong><\/em><br \/>\u00d3 g\u00e1latas insensatos, quem vos fascinou, depois de ter sido apresentada aos vossos olhos a imagem de Jesus Cristo crucificado? S\u00f3 quero que me respondais ao seguinte: Foi por cumprirdes as obras da Lei de Mois\u00e9s que recebestes o Esp\u00edrito Santo, ou porque ouvistes a mensagem da f\u00e9? Sois t\u00e3o insensatos que, tendo come\u00e7ado com o Esp\u00edrito, acabais agora na carne? Foi em v\u00e3o que recebestes tantos dons? Se \u00e9 que foi em v\u00e3o! Aquele que vos d\u00e1 o Esp\u00edrito e realiza milagres entre v\u00f3s procede assim por cumprirdes as obras da Lei de Mois\u00e9s, ou porque ouvistes a mensagem da f\u00e9?<br \/>Palavra do Senhor.<\/p><p><strong>SALMO RESPONSORIAL Lc 1, 69-70.71-72.73-75 (R. cf. 68)<\/strong><br \/>Refr\u00e3o: <em>Bendito seja o Senhor, Deus de Israel,<\/em><br \/><em>que visitou e redimiu o seu povo. Repete-se<\/em><\/p><p>O Senhor nos deu um Salvador poderoso,<br \/>na casa de David, seu servo,<br \/>como prometeu pela boca dos seus santos,<br \/>os profetas dos tempos antigos; Refr\u00e3o<\/p><p>Para nos libertar dos nossos inimigos<br \/>e das m\u00e3os daqueles que nos odeiam;<br \/>para mostrar a sua miseric\u00f3rdia<br \/>a favor dos nossos pais,<br \/>recordando a sua sagrada alian\u00e7a: Refr\u00e3o<\/p><p>O juramento que fizera a Abra\u00e3o, nosso pai,<br \/>que nos havia de conceder esta gra\u00e7a:<br \/>de O servirmos um dia, sem temor,<br \/>livres das m\u00e3os dos nossos inimigos,<br \/>em santidade e justi\u00e7a na sua presen\u00e7a,<br \/>todos os dias da nossa vida. Refr\u00e3o<\/p><p><strong>ALELUIA cf. Atos 16, 14b<\/strong><br \/>Refr\u00e3o: Aleluia Repete-se<\/p><p>Abri, Senhor, o nosso cora\u00e7\u00e3o,<br \/>para recebermos a palavra do vosso Filho. Refr\u00e3o<\/p><p><strong>EVANGELHO Lc 11, 5-13<\/strong><br \/>\u00abPedi e dar-se-vos-\u00e1\u00bb<\/p><p><em><strong>Evangelho de Nosso Senhor Jesus Cristo segundo S\u00e3o Lucas<\/strong><\/em><br \/>Naquele tempo, disse Jesus aos seus disc\u00edpulos: \u00abSe algum de v\u00f3s tiver um amigo, poder\u00e1 ter de ir a sua casa \u00e0 meia-noite, para lhe dizer: \u2018Amigo, empresta-me tr\u00eas p\u00e3es, porque chegou de viagem um dos meus amigos e n\u00e3o tenho nada para lhe dar\u2019. Ele poder\u00e1 responder l\u00e1 de dentro: \u2018N\u00e3o me incomodes; a porta est\u00e1 fechada, eu e os meus filhos estamos deitados e n\u00e3o posso levantar-me para te dar os p\u00e3es\u2019. Eu vos digo: Se ele n\u00e3o se levantar por ser amigo, ao menos, por causa da sua insist\u00eancia, levantar-se-\u00e1 para lhe dar tudo aquilo de que precisa. Tamb\u00e9m vos digo: Pedi e dar-se-vos-\u00e1; procurai e encontrareis; batei \u00e0 porta e abrir-se-vos-\u00e1. Porque quem pede recebe; quem procura encontra e a quem bate \u00e0 porta, abrir-se-\u00e1. Se um de v\u00f3s for pai e um filho lhe pedir peixe, em vez de peixe dar-lhe-\u00e1 uma serpente? E se lhe pedir um ovo, dar-lhe-\u00e1 um escorpi\u00e3o? Se v\u00f3s, que sois maus, sabeis dar coisas boas aos vossos filhos, quanto mais o Pai do C\u00e9u dar\u00e1 o Esp\u00edrito Santo \u00e0queles que Lho pedem!\u00bb.<br \/>Palavra da salva\u00e7\u00e3o.<\/p><\/div>\n\t\t\t\t<\/div>\n\t\t\t\t\t\t\t<div class=\"elementor-accordion-item\">\n\t\t\t\t\t<div id=\"elementor-tab-title-5403\" class=\"elementor-tab-title\" data-tab=\"3\" role=\"button\" aria-controls=\"elementor-tab-content-5403\" aria-expanded=\"false\">\n\t\t\t\t\t\t\t\t\t\t\t\t\t<span class=\"elementor-accordion-icon elementor-accordion-icon-left\" aria-hidden=\"true\">\n\t\t\t\t\t\t\t\t\t\t\t\t\t\t\t<span class=\"elementor-accordion-icon-closed\"><svg class=\"e-font-icon-svg e-fas-plus\" viewBox=\"0 0 448 512\" xmlns=\"http:\/\/www.w3.org\/2000\/svg\"><path d=\"M416 208H272V64c0-17.67-14.33-32-32-32h-32c-17.67 0-32 14.33-32 32v144H32c-17.67 0-32 14.33-32 32v32c0 17.67 14.33 32 32 32h144v144c0 17.67 14.33 32 32 32h32c17.67 0 32-14.33 32-32V304h144c17.67 0 32-14.33 32-32v-32c0-17.67-14.33-32-32-32z\"><\/path><\/svg><\/span>\n\t\t\t\t\t\t\t\t<span class=\"elementor-accordion-icon-opened\"><svg class=\"e-font-icon-svg e-fas-minus\" viewBox=\"0 0 448 512\" xmlns=\"http:\/\/www.w3.org\/2000\/svg\"><path d=\"M416 208H32c-17.67 0-32 14.33-32 32v32c0 17.67 14.33 32 32 32h384c17.67 0 32-14.33 32-32v-32c0-17.67-14.33-32-32-32z\"><\/path><\/svg><\/span>\n\t\t\t\t\t\t\t\t\t\t\t\t\t\t<\/span>\n\t\t\t\t\t\t\t\t\t\t\t\t<a class=\"elementor-accordion-title\" tabindex=\"0\">Ora\u00e7\u00e3o Universal<\/a>\n\t\t\t\t\t<\/div>\n\t\t\t\t\t<div id=\"elementor-tab-content-5403\" class=\"elementor-tab-content elementor-clearfix\" data-tab=\"3\" role=\"region\" aria-labelledby=\"elementor-tab-title-5403\"><h2><strong>[<a href=\"https:\/\/apecatolica.pt\/congresso2024app\/wp-content\/uploads\/2024\/10\/Eucaristia-Oracao-Universal.pdf\" target=\"_blank\" rel=\"noopener\">PDF<\/a>]<\/strong><\/h2><p>1. Pelos que crescem na sua rela\u00e7\u00e3o com Deus atrav\u00e9s da ora\u00e7\u00e3o, da gratid\u00e3o, da b\u00ean\u00e7\u00e3o e tamb\u00e9m pelos que pedem com insist\u00eancia o que lhes faz falta. Oremos irm\u00e3os<\/p><p>2. Pelos crist\u00e3os do mundo inteiro, especialmente por aqueles que s\u00e3o perseguidos e impedidos de viver a f\u00e9, e por todos os que t\u00eam vis\u00f5es diferentes ou vivem a espiritualidade de outros modos, para que Jesus Cristo possa ser para todos o modelo de comunh\u00e3o a seguir. Oremos irm\u00e3os<\/p><p>3. Por todos os que cultivam a f\u00e9, pelos que colocam ao servi\u00e7o dos outros os dons recebidos do Esp\u00edrito Santo e por todos os que continuamente se alimentam da eucaristia que fortalece as suas vidas. Oremos irm\u00e3os<\/p><p>4. Por todas as escolas cat\u00f3licas para que fomentem o cuidado com o bem comum e a justi\u00e7a,\u00a0 e cuidem daqueles a quem falta o p\u00e3o de cada dia, a sa\u00fade e procuram solu\u00e7\u00f5es para as suas maiores necessidades. Oremos irm\u00e3os \u00a0<\/p><p>5. Por todos n\u00f3s, aqui reunidos, por todas as escolas e pelas suas comunidades educativas, para que permane\u00e7am fi\u00e9is, atentas e empenhadas na miss\u00e3o de educar de forma integral, para o Bem que transforma o mundo. Oremos irm\u00e3os.<\/p><p>6. Pela paz no mundo, sobretudo nos pa\u00edses e nas regi\u00f5es onde existem mais conflitos, lembrando particularmente as escolas cat\u00f3licas da Ucr\u00e2nia, de Gaza e do L\u00edbano; para que o Senhor inspire os governantes a reconciliarem-se e cuide dos educadores e dos alunos das escolas mais atingidas pelo flagelo da guerra. Oremos irm\u00e3os<\/p><\/div>\n\t\t\t\t<\/div>\n\t\t\t\t\t\t\t<div class=\"elementor-accordion-item\">\n\t\t\t\t\t<div id=\"elementor-tab-title-5404\" class=\"elementor-tab-title\" data-tab=\"4\" role=\"button\" aria-controls=\"elementor-tab-content-5404\" aria-expanded=\"false\">\n\t\t\t\t\t\t\t\t\t\t\t\t\t<span class=\"elementor-accordion-icon elementor-accordion-icon-left\" aria-hidden=\"true\">\n\t\t\t\t\t\t\t\t\t\t\t\t\t\t\t<span class=\"elementor-accordion-icon-closed\"><svg class=\"e-font-icon-svg e-fas-plus\" viewBox=\"0 0 448 512\" xmlns=\"http:\/\/www.w3.org\/2000\/svg\"><path d=\"M416 208H272V64c0-17.67-14.33-32-32-32h-32c-17.67 0-32 14.33-32 32v144H32c-17.67 0-32 14.33-32 32v32c0 17.67 14.33 32 32 32h144v144c0 17.67 14.33 32 32 32h32c17.67 0 32-14.33 32-32V304h144c17.67 0 32-14.33 32-32v-32c0-17.67-14.33-32-32-32z\"><\/path><\/svg><\/span>\n\t\t\t\t\t\t\t\t<span class=\"elementor-accordion-icon-opened\"><svg class=\"e-font-icon-svg e-fas-minus\" viewBox=\"0 0 448 512\" xmlns=\"http:\/\/www.w3.org\/2000\/svg\"><path d=\"M416 208H32c-17.67 0-32 14.33-32 32v32c0 17.67 14.33 32 32 32h384c17.67 0 32-14.33 32-32v-32c0-17.67-14.33-32-32-32z\"><\/path><\/svg><\/span>\n\t\t\t\t\t\t\t\t\t\t\t\t\t\t<\/span>\n\t\t\t\t\t\t\t\t\t\t\t\t<a class=\"elementor-accordion-title\" tabindex=\"0\">Ora\u00e7\u00e3o das Escolas Cat\u00f3licas<\/a>\n\t\t\t\t\t<\/div>\n\t\t\t\t\t<div id=\"elementor-tab-content-5404\" class=\"elementor-tab-content elementor-clearfix\" data-tab=\"4\" role=\"region\" aria-labelledby=\"elementor-tab-title-5404\"><p>Senhor Jesus,<br \/>Hoje trazemos-te as nossas escolas cat\u00f3licas.<br \/>Ajuda-nos a fazer delas<br \/>lugares de descoberta<br \/>de tudo aquilo que nos d\u00e1s:<br \/>a cria\u00e7\u00e3o e a ci\u00eancia,<br \/>o bom e o belo,<br \/>o bem e a verdade,<br \/>o nome das coisas e o seu sentido.<\/p><p>Ajuda-nos a fazer delas<br \/>lugares de encontro:<br \/>com os outros que descobrimos,<br \/>com aqueles de quem somos amigos,<br \/>e at\u00e9 com os outros de quem n\u00e3o gostamos tanto.<\/p><p>Ensina-nos a fazer delas<br \/>lugares de um mundo melhor:<br \/>com as palavras que dizemos,<br \/>com as a\u00e7\u00f5es que fazemos.<\/p><p>Mostra-nos como fazer delas<br \/>lugares do cuidado:<br \/>onde todos se sabem desejados,<br \/>protegidos e amados.<\/p><p>Leva-nos a fazer delas<br \/>lugares de Ti:<br \/>amando como Tu nos mostraste, aqui,<br \/>para um dia vivermos no c\u00e9u, conTigo e com todos, a\u00ed.<\/p><p>Faz-nos fazer delas<br \/>verdadeiras escolas cat\u00f3licas:<br \/>de todos, para todos, com todos,<br \/>em especial os que mais precisam.<\/p><p>E que assim fa\u00e7amos, Jesus, sempre,<br \/>na Igreja que nos deste,<br \/>com a tua M\u00e3e a quem nos confias,<br \/>na comunh\u00e3o do Pai e do Esp\u00edrito Santo<br \/>com quem \u00e9s o nosso Deus,<br \/>nossa esperan\u00e7a e nossa alegria.<\/p><p>Amen<\/p><\/div>\n\t\t\t\t<\/div>\n\t\t\t\t\t\t\t\t<\/div>\n\t\t\t\t\t\t<\/div>\n\t\t\t\t<\/div>\n\t\t\t\t\t<\/div>\n\t\t\t\t<\/div>\n\t\t<div class=\"elementor-element elementor-element-5e25cce e-flex e-con-boxed e-con e-parent\" data-id=\"5e25cce\" data-element_type=\"container\">\n\t\t\t\t\t<div class=\"e-con-inner\">\n\t\t\t\t<div class=\"elementor-element elementor-element-bbd82bf elementor-widget elementor-widget-html\" data-id=\"bbd82bf\" data-element_type=\"widget\" data-widget_type=\"html.default\">\n\t\t\t\t<div class=\"elementor-widget-container\">\n\t\t\t\t\t<script>\njQuery(document).ready(function($) {\nvar delay = 100; setTimeout(function() {\n$('.elementor-tab-title').removeClass('elementor-active');\n $('.elementor-tab-content').css('display', 'none'); }, delay);\n});\n<\/script>\t\t\t\t<\/div>\n\t\t\t\t<\/div>\n\t\t\t\t\t<\/div>\n\t\t\t\t<\/div>\n\t\t\t\t<\/div>\n\t\t","protected":false},"excerpt":{"rendered":"<p>MISSA C\u00e2nticos 1. Entrada: Povo de Reis Refr\u00e3o:Povo de reis, assembleia santa, povo sacerdotal,Povo de Deus, bendiz o teu Senhor! [&hellip;]<\/p>\n","protected":false},"author":1,"featured_media":0,"parent":0,"menu_order":0,"comment_status":"closed","ping_status":"closed","template":"","meta":{"site-sidebar-layout":"no-sidebar","site-content-layout":"","ast-site-content-layout":"full-width-container","site-content-style":"default","site-sidebar-style":"default","ast-global-header-display":"","ast-banner-title-visibility":"","ast-main-header-display":"","ast-hfb-above-header-display":"","ast-hfb-below-header-display":"","ast-hfb-mobile-header-display":"","site-post-title":"disabled","ast-breadcrumbs-content":"","ast-featured-img":"disabled","footer-sml-layout":"","theme-transparent-header-meta":"default","adv-header-id-meta":"","stick-header-meta":"default","header-above-stick-meta":"","header-main-stick-meta":"","header-below-stick-meta":"","astra-migrate-meta-layouts":"set","ast-page-background-enabled":"default","ast-page-background-meta":{"desktop":{"background-color":"var(--ast-global-color-4)","background-image":"","background-repeat":"repeat","background-position":"center center","background-size":"auto","background-attachment":"scroll","background-type":"","background-media":"","overlay-type":"","overlay-color":"","overlay-opacity":"","overlay-gradient":""},"tablet":{"background-color":"","background-image":"","background-repeat":"repeat","background-position":"center center","background-size":"auto","background-attachment":"scroll","background-type":"","background-media":"","overlay-type":"","overlay-color":"","overlay-opacity":"","overlay-gradient":""},"mobile":{"background-color":"","background-image":"","background-repeat":"repeat","background-position":"center center","background-size":"auto","background-attachment":"scroll","background-type":"","background-media":"","overlay-type":"","overlay-color":"","overlay-opacity":"","overlay-gradient":""}},"ast-content-background-meta":{"desktop":{"background-color":"var(--ast-global-color-5)","background-image":"","background-repeat":"repeat","background-position":"center center","background-size":"auto","background-attachment":"scroll","background-type":"","background-media":"","overlay-type":"","overlay-color":"","overlay-opacity":"","overlay-gradient":""},"tablet":{"background-color":"var(--ast-global-color-5)","background-image":"","background-repeat":"repeat","background-position":"center center","background-size":"auto","background-attachment":"scroll","background-type":"","background-media":"","overlay-type":"","overlay-color":"","overlay-opacity":"","overlay-gradient":""},"mobile":{"background-color":"var(--ast-global-color-5)","background-image":"","background-repeat":"repeat","background-position":"center center","background-size":"auto","background-attachment":"scroll","background-type":"","background-media":"","overlay-type":"","overlay-color":"","overlay-opacity":"","overlay-gradient":""}},"_joinchat":[],"footnotes":""},"class_list":["post-2021","page","type-page","status-publish","hentry"],"rttpg_featured_image_url":null,"rttpg_author":{"display_name":"admin1","author_link":"https:\/\/apecatolica.pt\/congresso2024app\/author\/admin1\/"},"rttpg_comment":0,"rttpg_category":null,"rttpg_excerpt":"MISSA C\u00e2nticos 1. Entrada: Povo de Reis Refr\u00e3o:Povo de reis, assembleia santa, povo sacerdotal,Povo de Deus, bendiz o teu Senhor! [&hellip;]","_links":{"self":[{"href":"https:\/\/apecatolica.pt\/congresso2024app\/wp-json\/wp\/v2\/pages\/2021","targetHints":{"allow":["GET"]}}],"collection":[{"href":"https:\/\/apecatolica.pt\/congresso2024app\/wp-json\/wp\/v2\/pages"}],"about":[{"href":"https:\/\/apecatolica.pt\/congresso2024app\/wp-json\/wp\/v2\/types\/page"}],"author":[{"embeddable":true,"href":"https:\/\/apecatolica.pt\/congresso2024app\/wp-json\/wp\/v2\/users\/1"}],"replies":[{"embeddable":true,"href":"https:\/\/apecatolica.pt\/congresso2024app\/wp-json\/wp\/v2\/comments?post=2021"}],"version-history":[{"count":31,"href":"https:\/\/apecatolica.pt\/congresso2024app\/wp-json\/wp\/v2\/pages\/2021\/revisions"}],"predecessor-version":[{"id":2440,"href":"https:\/\/apecatolica.pt\/congresso2024app\/wp-json\/wp\/v2\/pages\/2021\/revisions\/2440"}],"wp:attachment":[{"href":"https:\/\/apecatolica.pt\/congresso2024app\/wp-json\/wp\/v2\/media?parent=2021"}],"curies":[{"name":"wp","href":"https:\/\/api.w.org\/{rel}","templated":true}]}}